{"id":5089,"date":"2023-02-23T14:21:23","date_gmt":"2023-02-23T13:21:23","guid":{"rendered":"https:\/\/apa.de\/protection-des-donnees\/"},"modified":"2023-12-18T11:01:51","modified_gmt":"2023-12-18T10:01:51","slug":"protection-des-donnees","status":"publish","type":"page","link":"https:\/\/apa.de\/fr\/protection-des-donnees\/","title":{"rendered":"Protection des donn\u00e9es"},"content":{"rendered":"[vc_row type=\u00a0\u00bbin_container\u00a0\u00bb full_screen_row_position=\u00a0\u00bbmiddle\u00a0\u00bb column_margin=\u00a0\u00bbdefault\u00a0\u00bb column_direction=\u00a0\u00bbdefault\u00a0\u00bb column_direction_tablet=\u00a0\u00bbdefault\u00a0\u00bb column_direction_phone=\u00a0\u00bbdefault\u00a0\u00bb scene_position=\u00a0\u00bbcenter\u00a0\u00bb text_color=\u00a0\u00bbdark\u00a0\u00bb text_align=\u00a0\u00bbleft\u00a0\u00bb row_border_radius=\u00a0\u00bbnone\u00a0\u00bb row_border_radius_applies=\u00a0\u00bbbg\u00a0\u00bb overflow=\u00a0\u00bbvisible\u00a0\u00bb overlay_strength=\u00a0\u00bb0.3&Prime; gradient_direction=\u00a0\u00bbleft_to_right\u00a0\u00bb shape_divider_position=\u00a0\u00bbbottom\u00a0\u00bb bg_image_animation=\u00a0\u00bbnone\u00a0\u00bb][vc_column column_padding=\u00a0\u00bbno-extra-padding\u00a0\u00bb column_padding_tablet=\u00a0\u00bbinherit\u00a0\u00bb column_padding_phone=\u00a0\u00bbinherit\u00a0\u00bb column_padding_position=\u00a0\u00bball\u00a0\u00bb column_element_direction_desktop=\u00a0\u00bbdefault\u00a0\u00bb column_element_spacing=\u00a0\u00bbdefault\u00a0\u00bb desktop_text_alignment=\u00a0\u00bbdefault\u00a0\u00bb tablet_text_alignment=\u00a0\u00bbdefault\u00a0\u00bb phone_text_alignment=\u00a0\u00bbdefault\u00a0\u00bb background_color_opacity=\u00a0\u00bb1&Prime; background_hover_color_opacity=\u00a0\u00bb1&Prime; column_backdrop_filter=\u00a0\u00bbnone\u00a0\u00bb column_shadow=\u00a0\u00bbnone\u00a0\u00bb column_border_radius=\u00a0\u00bbnone\u00a0\u00bb column_link_target=\u00a0\u00bb_self\u00a0\u00bb column_position=\u00a0\u00bbdefault\u00a0\u00bb gradient_direction=\u00a0\u00bbleft_to_right\u00a0\u00bb overlay_strength=\u00a0\u00bb0.3&Prime; width=\u00a0\u00bb1\/1&Prime; tablet_width_inherit=\u00a0\u00bbdefault\u00a0\u00bb animation_type=\u00a0\u00bbdefault\u00a0\u00bb bg_image_animation=\u00a0\u00bbnone\u00a0\u00bb border_type=\u00a0\u00bbsimple\u00a0\u00bb column_border_width=\u00a0\u00bbnone\u00a0\u00bb column_border_style=\u00a0\u00bbsolid\u00a0\u00bb][nectar_highlighted_text scribble_color=\u00a0\u00bb#a22a2e\u00a0\u00bb style=\u00a0\u00bbscribble\u00a0\u00bb scribble_shape=\u00a0\u00bbbasic-underline\u00a0\u00bb scribble_thickness=\u00a0\u00bbregular\u00a0\u00bb scribble_speed=\u00a0\u00bb1.8s\u00a0\u00bb scribble_easing=\u00a0\u00bbease_in_out\u00a0\u00bb]\n<h1 style=\"text-align: center;\"><em>Protection des donn\u00e9es<\/em><\/h1>\n[\/nectar_highlighted_text][\/vc_column][\/vc_row][vc_row type=\u00a0\u00bbin_container\u00a0\u00bb full_screen_row_position=\u00a0\u00bbmiddle\u00a0\u00bb column_margin=\u00a0\u00bbdefault\u00a0\u00bb column_direction=\u00a0\u00bbdefault\u00a0\u00bb column_direction_tablet=\u00a0\u00bbdefault\u00a0\u00bb column_direction_phone=\u00a0\u00bbdefault\u00a0\u00bb scene_position=\u00a0\u00bbcenter\u00a0\u00bb text_color=\u00a0\u00bbdark\u00a0\u00bb text_align=\u00a0\u00bbleft\u00a0\u00bb row_border_radius=\u00a0\u00bbnone\u00a0\u00bb row_border_radius_applies=\u00a0\u00bbbg\u00a0\u00bb overflow=\u00a0\u00bbvisible\u00a0\u00bb overlay_strength=\u00a0\u00bb0.3&Prime; gradient_direction=\u00a0\u00bbleft_to_right\u00a0\u00bb shape_divider_position=\u00a0\u00bbbottom\u00a0\u00bb bg_image_animation=\u00a0\u00bbnone\u00a0\u00bb][vc_column column_padding=\u00a0\u00bbno-extra-padding\u00a0\u00bb column_padding_tablet=\u00a0\u00bbinherit\u00a0\u00bb column_padding_phone=\u00a0\u00bbinherit\u00a0\u00bb column_padding_position=\u00a0\u00bball\u00a0\u00bb constrain_group_2=\u00a0\u00bbyes\u00a0\u00bb column_element_direction_desktop=\u00a0\u00bbdefault\u00a0\u00bb column_element_spacing=\u00a0\u00bbdefault\u00a0\u00bb desktop_text_alignment=\u00a0\u00bbdefault\u00a0\u00bb tablet_text_alignment=\u00a0\u00bbdefault\u00a0\u00bb phone_text_alignment=\u00a0\u00bbdefault\u00a0\u00bb background_color_opacity=\u00a0\u00bb1&Prime; background_hover_color_opacity=\u00a0\u00bb1&Prime; column_backdrop_filter=\u00a0\u00bbnone\u00a0\u00bb column_shadow=\u00a0\u00bbnone\u00a0\u00bb column_border_radius=\u00a0\u00bbnone\u00a0\u00bb column_link_target=\u00a0\u00bb_self\u00a0\u00bb column_position=\u00a0\u00bbdefault\u00a0\u00bb gradient_direction=\u00a0\u00bbleft_to_right\u00a0\u00bb overlay_strength=\u00a0\u00bb0.3&Prime; width=\u00a0\u00bb1\/1&Prime; tablet_width_inherit=\u00a0\u00bbdefault\u00a0\u00bb animation_type=\u00a0\u00bbdefault\u00a0\u00bb bg_image_animation=\u00a0\u00bbnone\u00a0\u00bb border_type=\u00a0\u00bbsimple\u00a0\u00bb column_border_width=\u00a0\u00bbnone\u00a0\u00bb column_border_style=\u00a0\u00bbsolid\u00a0\u00bb column_padding_type=\u00a0\u00bbdefault\u00a0\u00bb gradient_type=\u00a0\u00bbdefault\u00a0\u00bb][nectar_responsive_text]\n<p style=\"text-align: center;\"><strong> <\/strong><\/p>\n<div class=\"et_pb_module et_pb_text et_pb_text_0 datenschutz et_pb_text_align_left et_pb_bg_layout_light\">\n<div class=\"et_pb_text_inner\">\n<h2>A. D\u00e9claration de protection des donn\u00e9es conform\u00e9ment au RGPD<\/h2>\n<h3>I. Nom et adresse du responsable<\/h3>\n<p>Le responsable au sens du r\u00e8glement g\u00e9n\u00e9ral sur la protection des donn\u00e9es et d&rsquo;autres lois nationales sur la protection des donn\u00e9es des \u00c9tats membres ainsi que d&rsquo;autres dispositions relatives \u00e0 la protection des donn\u00e9es est la :<\/p>\n<p><strong>APA Brands Events Solutions GmbH &amp; Co. KG<\/strong><br \/>\nHofgr\u00fcndchen 63<br \/>\n56564 Neuwied<br \/>\nAllemagne<br \/>\nT\u00e9l. : +49 2631 389-0<br \/>\nT\u00e9l\u00e9copieur : +49 2631 389-2500<br \/>\nCourrier \u00e9lectronique : apa@apa.de<br \/>\nInternet : www.apa.de<\/p>\n<h3>II. Nom et adresse du d\u00e9l\u00e9gu\u00e9 \u00e0 la protection des donn\u00e9es<\/h3>\n<p>Le d\u00e9l\u00e9gu\u00e9 \u00e0 la protection des donn\u00e9es du responsable est<\/p>\n<p>Christoph Supp<br \/>\nSuS Group GmbH<br \/>\nChemin du moulin 2<br \/>\n56235 Ransbach-Baumbach<br \/>\nAllemagne<br \/>\nT\u00e9l. : 0 26 23 \/ 92 64 55 0<br \/>\nCourrier \u00e9lectronique : cs@sus-group.de<br \/>\nSite web : www.sus-group.de<\/p>\n<h3>III. g\u00e9n\u00e9ralit\u00e9s sur le traitement des donn\u00e9es<\/h3>\n<h4>1. \u00e9tendue du traitement des donn\u00e9es \u00e0 caract\u00e8re personnel<\/h4>\n<p>En principe, nous ne collectons et n&rsquo;utilisons les donn\u00e9es personnelles de nos utilisateurs que dans la mesure o\u00f9 cela est n\u00e9cessaire pour mettre \u00e0 disposition un site web fonctionnel ainsi que nos contenus et prestations. La collecte et l&rsquo;utilisation des donn\u00e9es personnelles de nos utilisateurs ne se font r\u00e9guli\u00e8rement qu&rsquo;avec le consentement de l&rsquo;utilisateur. Une exception s&rsquo;applique dans les cas o\u00f9 l&rsquo;obtention pr\u00e9alable d&rsquo;un consentement n&rsquo;est pas possible pour des raisons factuelles et o\u00f9 le traitement des donn\u00e9es est autoris\u00e9 par des dispositions l\u00e9gales.<\/p>\n<h4>2. base juridique du traitement des donn\u00e9es \u00e0 caract\u00e8re personnel<\/h4>\n<p>Dans la mesure o\u00f9 nous demandons le consentement de la personne concern\u00e9e pour les op\u00e9rations de traitement des donn\u00e9es \u00e0 caract\u00e8re personnel, l&rsquo;article 6, paragraphe 1, de la loi sur la protection des donn\u00e9es s&rsquo;applique. 1 lit. a du r\u00e8glement g\u00e9n\u00e9ral sur la protection des donn\u00e9es de l&rsquo;UE (RGPD) comme base juridique.<\/p>\n<p>Lorsque le traitement de donn\u00e9es \u00e0 caract\u00e8re personnel est n\u00e9cessaire \u00e0 l&rsquo;ex\u00e9cution d&rsquo;un contrat auquel la personne concern\u00e9e est partie, l&rsquo;article 6, paragraphe 1, de la loi sur la protection des donn\u00e9es s&rsquo;applique. 1 lit. b du RGPD comme base juridique. Cela s&rsquo;applique \u00e9galement aux op\u00e9rations de traitement n\u00e9cessaires \u00e0 l&rsquo;ex\u00e9cution de mesures pr\u00e9contractuelles.<\/p>\n<p>Dans la mesure o\u00f9 le traitement de donn\u00e9es \u00e0 caract\u00e8re personnel est n\u00e9cessaire au respect d&rsquo;une obligation l\u00e9gale \u00e0 laquelle notre entreprise est soumise, l&rsquo;article 6, paragraphe 1, de la loi sur la protection des donn\u00e9es s&rsquo;applique. 1 lit. c du RGPD comme base juridique.<\/p>\n<p>Dans le cas o\u00f9 les int\u00e9r\u00eats vitaux de la personne concern\u00e9e ou d&rsquo;une autre personne physique rendent n\u00e9cessaire le traitement de donn\u00e9es \u00e0 caract\u00e8re personnel, l&rsquo;article 6, paragraphe 1, de la loi sur la protection des donn\u00e9es s&rsquo;applique. 1 lit. d du RGPD comme base juridique.<\/p>\n<p>Si le traitement est n\u00e9cessaire \u00e0 la sauvegarde d&rsquo;un int\u00e9r\u00eat l\u00e9gitime de notre entreprise ou d&rsquo;un tiers et si les int\u00e9r\u00eats, les droits fondamentaux et les libert\u00e9s fondamentales de la personne concern\u00e9e ne pr\u00e9valent pas sur le premier int\u00e9r\u00eat, l&rsquo;article 6, paragraphe 1, de la loi sur la protection des donn\u00e9es s&rsquo;applique. 1 lit. f du RGPD comme base juridique du traitement. Ainsi, les raisons suivantes pourraient justifier un int\u00e9r\u00eat l\u00e9gitime :<\/p>\n<p>Si n\u00e9cessaire, nous traitons vos donn\u00e9es au-del\u00e0 de l&rsquo;ex\u00e9cution proprement dite du contrat pour pr\u00e9server des int\u00e9r\u00eats l\u00e9gitimes de notre part ou de tiers.<\/p>\n<p>Exemples :<\/p>\n<ul>\n<li>Consultation et \u00e9change de donn\u00e9es avec les agences d&rsquo;\u00e9valuation du cr\u00e9dit (par exemple Schufa) pour d\u00e9terminer les risques de solvabilit\u00e9 ou de d\u00e9faillance et les besoins en mati\u00e8re de compte de protection contre la saisie ou de compte de base.<\/li>\n<li>Examen et optimisation des proc\u00e9dures d&rsquo;analyse des besoins et d&rsquo;approche directe des clients ; y compris Segmentation de la client\u00e8le et calcul de la probabilit\u00e9 de conclusion d&rsquo;un contrat<\/li>\n<li>la publicit\u00e9 ou les \u00e9tudes de march\u00e9 et d&rsquo;opinion, dans la mesure o\u00f9 vous ne vous \u00eates pas oppos\u00e9 \u00e0 l&rsquo;utilisation de vos donn\u00e9es<\/li>\n<li>Exercice de droits l\u00e9gaux et d\u00e9fense en cas de litiges juridiques<\/li>\n<li>assurer la s\u00e9curit\u00e9 et le fonctionnement informatiques de la banque<\/li>\n<li>Pr\u00e9vention des d\u00e9lits<\/li>\n<li>Vid\u00e9osurveillance pour le respect du droit de domicile, pour la collecte de preuves en cas d&rsquo;agressions et de fraudes ou pour la preuve de dispositions et de versements, par ex. aux distributeurs automatiques de billets<\/li>\n<li>Mesures de s\u00e9curit\u00e9 des b\u00e2timents et des installations (par exemple, contr\u00f4les d&rsquo;acc\u00e8s)<\/li>\n<li>Mesures visant \u00e0 garantir le droit de visite<\/li>\n<li>Mesures de gestion commerciale et de d\u00e9veloppement des services et des produits<\/li>\n<li>Gestion des risques au sein du groupe<\/li>\n<\/ul>\n<h4>3. effacement des donn\u00e9es et dur\u00e9e de conservation<\/h4>\n<p>Les donn\u00e9es \u00e0 caract\u00e8re personnel de la personne concern\u00e9e sont effac\u00e9es ou bloqu\u00e9es d\u00e8s que la finalit\u00e9 du stockage n&rsquo;est plus applicable. Un stockage peut en outre avoir lieu si le l\u00e9gislateur europ\u00e9en ou national l&rsquo;a pr\u00e9vu dans des r\u00e8glements, des lois ou d&rsquo;autres dispositions du droit de l&rsquo;Union auxquels le responsable est soumis. Les donn\u00e9es sont \u00e9galement bloqu\u00e9es ou supprim\u00e9es lorsqu&rsquo;un d\u00e9lai de stockage prescrit par les normes mentionn\u00e9es expire, \u00e0 moins qu&rsquo;il ne soit n\u00e9cessaire de continuer \u00e0 stocker les donn\u00e9es pour la conclusion ou l&rsquo;ex\u00e9cution d&rsquo;un contrat.<\/p>\n<h4>4. conformit\u00e9<\/h4>\n<p>Ce lien vous permet d&rsquo;acc\u00e9der \u00e0 notre loi sur la protection des lanceurs d&rsquo;alerte <a href=\"https:\/\/apa.vispato.com\/\">: https:\/\/apa.vispato.com\/<\/a><\/p>\n<h3>IV. Mise \u00e0 disposition du site web et cr\u00e9ation de fichiers journaux<\/h3>\n<h4>1. description et port\u00e9e du traitement des donn\u00e9es<\/h4>\n<p>Chaque fois que vous consultez notre site Internet, notre syst\u00e8me collecte automatiquement des donn\u00e9es et des informations \u00e0 partir du syst\u00e8me informatique de l&rsquo;ordinateur appelant. Les donn\u00e9es suivantes sont collect\u00e9es \u00e0 cette occasion :<\/p>\n<ul>\n<li>informations sur le type de navigateur et la version utilis\u00e9e<\/li>\n<li>le syst\u00e8me d&rsquo;exploitation de l&rsquo;utilisateur<\/li>\n<li>le fournisseur d&rsquo;acc\u00e8s \u00e0 Internet de l&rsquo;utilisateur<\/li>\n<li>L&rsquo;adresse IP de l&rsquo;utilisateur<\/li>\n<li>date et heure de l&rsquo;acc\u00e8s<\/li>\n<li>Sites Internet \u00e0 partir desquels le syst\u00e8me de l&rsquo;utilisateur acc\u00e8de \u00e0 notre site Internet<\/li>\n<li>Sites Internet consult\u00e9s par le syst\u00e8me de l&rsquo;utilisateur via notre site Internet<\/li>\n<\/ul>\n<p>Ces donn\u00e9es sont \u00e9galement enregistr\u00e9es dans les fichiers journaux de notre syst\u00e8me. Ces donn\u00e9es ne sont pas enregistr\u00e9es avec d&rsquo;autres donn\u00e9es personnelles de l&rsquo;utilisateur.<\/p>\n<h4>2. base juridique du traitement des donn\u00e9es<\/h4>\n<p>La base juridique pour le stockage temporaire des donn\u00e9es et des fichiers journaux est l&rsquo;article 6, paragraphe 6. 1 lit. f du RGPD.<\/p>\n<h4>3. finalit\u00e9 du traitement des donn\u00e9es<\/h4>\n<p>L&rsquo;enregistrement temporaire de l&rsquo;adresse IP par le syst\u00e8me est n\u00e9cessaire pour permettre la livraison du site web \u00e0 l&rsquo;ordinateur de l&rsquo;utilisateur. Pour cela, l&rsquo;adresse IP de l&rsquo;utilisateur doit rester enregistr\u00e9e pendant la dur\u00e9e de la session.<\/p>\n<p>L&rsquo;enregistrement dans des fichiers journaux a lieu afin de garantir le bon fonctionnement du site web. En outre, ces donn\u00e9es nous servent \u00e0 optimiser le site web et \u00e0 assurer la s\u00e9curit\u00e9 de nos syst\u00e8mes informatiques. Une \u00e9valuation des donn\u00e9es \u00e0 des fins de marketing n&rsquo;a pas lieu dans ce contexte.<\/p>\n<p>C&rsquo;est \u00e9galement dans ces objectifs que r\u00e9side notre int\u00e9r\u00eat l\u00e9gitime \u00e0 traiter les donn\u00e9es conform\u00e9ment \u00e0 l&rsquo;article 6, paragraphe 1. 1 lit. f du RGPD.<\/p>\n<h4>4. dur\u00e9e de conservation<\/h4>\n<p>Les donn\u00e9es sont supprim\u00e9es d\u00e8s qu&rsquo;elles ne sont plus n\u00e9cessaires \u00e0 la r\u00e9alisation de l&rsquo;objectif pour lequel elles ont \u00e9t\u00e9 collect\u00e9es. Dans le cas de la saisie des donn\u00e9es pour la mise \u00e0 disposition du site web, c&rsquo;est le cas lorsque la session respective est termin\u00e9e.<\/p>\n<p>En cas de stockage des donn\u00e9es dans des fichiers journaux, cela se produit au plus tard apr\u00e8s sept jours. Un stockage suppl\u00e9mentaire est possible. Dans ce cas, les adresses IP des utilisateurs sont supprim\u00e9es ou modifi\u00e9es, de sorte qu&rsquo;il n&rsquo;est plus possible d&rsquo;attribuer le client appelant.<\/p>\n<h4>5. possibilit\u00e9 d&rsquo;opposition et de suppression<\/h4>\n<p>La collecte des donn\u00e9es pour la mise \u00e0 disposition du site Internet et l&rsquo;enregistrement des donn\u00e9es dans des fichiers journaux sont absolument n\u00e9cessaires pour le fonctionnement du site Internet. L&rsquo;utilisateur n&rsquo;a donc pas la possibilit\u00e9 de s&rsquo;y opposer.<\/p>\n<h3>V. Utilisation des cookies<\/h3>\n<h4>a) Description et port\u00e9e du traitement des donn\u00e9es<\/h4>\n<p>Notre site web utilise des cookies. Les cookies sont des fichiers texte qui sont enregistr\u00e9s dans le navigateur Internet ou par le navigateur Internet sur le syst\u00e8me informatique de l&rsquo;utilisateur. Lorsqu&rsquo;un utilisateur consulte un site web, un cookie peut \u00eatre enregistr\u00e9 sur le syst\u00e8me d&rsquo;exploitation de l&rsquo;utilisateur. Ce cookie contient une cha\u00eene de caract\u00e8res caract\u00e9ristique qui permet d&rsquo;identifier clairement le navigateur lors d&rsquo;une nouvelle consultation du site.<\/p>\n<p>Nous utilisons des cookies pour rendre notre site web plus convivial. Certains \u00e9l\u00e9ments de notre site Internet exigent que le navigateur appelant puisse \u00eatre identifi\u00e9 m\u00eame apr\u00e8s un changement de page.<\/p>\n<p>Les donn\u00e9es suivantes sont alors enregistr\u00e9es et transmises dans les cookies :<\/p>\n<ul>\n<li>Param\u00e8tres linguistiques<\/li>\n<li>Articles dans un panier<\/li>\n<li>Informations de connexion<\/li>\n<\/ul>\n<p>Nous utilisons en outre sur notre site web des cookies qui permettent d&rsquo;analyser le comportement de navigation des utilisateurs.<br \/>\nDe cette mani\u00e8re, les donn\u00e9es suivantes peuvent \u00eatre transmises : <\/p>\n<ul>\n<li>Termes de recherche saisis<\/li>\n<li>Fr\u00e9quence de consultation des pages<\/li>\n<li>Utilisation des fonctions du site web<\/li>\n<\/ul>\n<p>Les donn\u00e9es des utilisateurs collect\u00e9es de cette mani\u00e8re sont pseudonymis\u00e9es par des mesures techniques.<br \/>\nIl n&rsquo;est donc plus possible d&rsquo;attribuer les donn\u00e9es \u00e0 l&rsquo;utilisateur qui les a consult\u00e9es.<br \/>\nLes donn\u00e9es ne sont pas stock\u00e9es avec les autres donn\u00e9es personnelles des utilisateurs.  <br \/>\nLors de l&rsquo;ouverture de notre site web, les utilisateurs sont inform\u00e9s par une banni\u00e8re d&rsquo;information de l&rsquo;utilisation de cookies \u00e0 des fins d&rsquo;analyse et sont renvoy\u00e9s \u00e0 la pr\u00e9sente d\u00e9claration de protection des donn\u00e9es.<br \/>\nDans ce contexte, il est \u00e9galement indiqu\u00e9 comment emp\u00eacher l&rsquo;enregistrement de cookies dans les param\u00e8tres du navigateur. <\/p>\n<p>Lors de l&rsquo;ouverture de notre site web, l&rsquo;utilisateur est inform\u00e9 de l&rsquo;utilisation de cookies \u00e0 des fins d&rsquo;analyse et son consentement est demand\u00e9 pour le traitement des donn\u00e9es personnelles utilis\u00e9es dans ce contexte.<br \/>\nDans ce contexte, il est \u00e9galement fait r\u00e9f\u00e9rence \u00e0 la pr\u00e9sente d\u00e9claration de protection des donn\u00e9es. <\/p>\n<h4>b) Base juridique du traitement des donn\u00e9es<\/h4>\n<p>La base juridique pour le traitement des donn\u00e9es \u00e0 caract\u00e8re personnel \u00e0 l&rsquo;aide de cookies est l&rsquo;article 6, paragraphe 1. 1 lit. f du RGPD.<br \/>\nLa base juridique pour le traitement des donn\u00e9es \u00e0 caract\u00e8re personnel \u00e0 l&rsquo;aide de cookies techniquement n\u00e9cessaires est l&rsquo;article 6, paragraphe 1, de la loi sur la protection des donn\u00e9es. 1 lit. f du RGPD.<br \/>\nLa base juridique du traitement des donn\u00e9es \u00e0 caract\u00e8re personnel \u00e0 l&rsquo;aide de cookies \u00e0 des fins d&rsquo;analyse est, en pr\u00e9sence d&rsquo;un consentement de l&rsquo;utilisateur \u00e0 cet effet, l&rsquo;article 6, paragraphe 1. 1 lit. a RGPD.<\/p>\n<h4>c) la finalit\u00e9 du traitement des donn\u00e9es<\/h4>\n<p>Le but de l&rsquo;utilisation de cookies techniquement n\u00e9cessaires est de simplifier l&rsquo;utilisation des sites web pour les utilisateurs.<br \/>\nCertaines fonctions de notre site Internet ne peuvent pas \u00eatre propos\u00e9es sans l&rsquo;utilisation de cookies.<br \/>\nPour celles-ci, il est n\u00e9cessaire que le navigateur soit reconnu m\u00eame apr\u00e8s un changement de page.<br \/>\nNous avons besoin de cookies pour les applications suivantes :   <\/p>\n<ul>\n<li>Panier d&rsquo;achat<\/li>\n<li>Reprise des param\u00e8tres linguistiques<\/li>\n<li>M\u00e9moriser des termes de recherche<\/li>\n<\/ul>\n<p>Les donn\u00e9es d&rsquo;utilisateur collect\u00e9es par les cookies techniquement n\u00e9cessaires ne sont pas utilis\u00e9es pour cr\u00e9er des profils d&rsquo;utilisateur.<br \/>\nL&rsquo;utilisation des cookies d&rsquo;analyse a pour but d&rsquo;am\u00e9liorer la qualit\u00e9 de notre site web et de son contenu.<br \/>\nLes cookies d&rsquo;analyse nous permettent de savoir comment le site web est utilis\u00e9 et d&rsquo;optimiser ainsi en permanence notre offre.<br \/>\nC&rsquo;est \u00e9galement \u00e0 ces fins que nous avons un int\u00e9r\u00eat l\u00e9gitime \u00e0 traiter les donn\u00e9es \u00e0 caract\u00e8re personnel conform\u00e9ment \u00e0 l&rsquo;article 6, paragraphe 1, de la loi sur la protection des donn\u00e9es.    1 lit. f du RGPD.<\/p>\n<h4>d) Dur\u00e9e de conservation, possibilit\u00e9 d&rsquo;opposition et de suppression<\/h4>\n<p>Les cookies sont stock\u00e9s sur l&rsquo;ordinateur de l&rsquo;utilisateur et transmis par celui-ci \u00e0 notre site.<br \/>\nC&rsquo;est pourquoi, en tant qu&rsquo;utilisateur, vous avez \u00e9galement un contr\u00f4le total sur l&rsquo;utilisation des cookies.<br \/>\nEn modifiant les param\u00e8tres de votre navigateur Internet, vous pouvez d\u00e9sactiver ou limiter la transmission de cookies.<br \/>\nLes cookies d\u00e9j\u00e0 enregistr\u00e9s peuvent \u00eatre supprim\u00e9s \u00e0 tout moment.<br \/>\nCela peut \u00e9galement se faire de mani\u00e8re automatis\u00e9e.<br \/>\nSi les cookies sont d\u00e9sactiv\u00e9s pour notre site web, il se peut que toutes les fonctions du site web ne puissent plus \u00eatre utilis\u00e9es dans leur int\u00e9gralit\u00e9.     <\/p>\n<p>Il n&rsquo;est pas possible d&#8217;emp\u00eacher la transmission de cookies Flash via les param\u00e8tres du navigateur, mais en modifiant les param\u00e8tres du lecteur Flash.<\/p>\n<\/div>\n<\/div>\n<div class=\"et_pb_module et_pb_text et_pb_text_1 et_pb_text_align_left et_pb_bg_layout_light\">\n<div class=\"et_pb_text_inner\"><a class=\"_brlbs-btn-cookie-preference borlabs-cookie-preference\" href=\"https:\/\/www.apa.de\/datenschutz\/#\">Modifier les param\u00e8tres des cookies<\/a><\/div>\n<\/div>\n<div class=\"et_pb_module et_pb_text et_pb_text_2 datenschutz et_pb_text_align_left et_pb_bg_layout_light\">\n<div class=\"et_pb_text_inner\">\n<h3>VI Bulletin d&rsquo;information<\/h3>\n<h4>1. description et port\u00e9e du traitement des donn\u00e9es<\/h4>\n<p>Sur notre site Internet, il est possible de s&rsquo;abonner gratuitement \u00e0 une newsletter.<br \/>\nLors de l&rsquo;inscription \u00e0 la newsletter, les donn\u00e9es du masque de saisie nous sont transmises. <\/p>\n<p>En outre, les donn\u00e9es suivantes sont collect\u00e9es lors de l&rsquo;inscription :<\/p>\n<ul>\n<li>adresse IP de l&rsquo;ordinateur appelant<\/li>\n<li>la date et l&rsquo;heure de l&rsquo;enregistrement<\/li>\n<\/ul>\n<p>Pour le traitement des donn\u00e9es, votre consentement est demand\u00e9 dans le cadre du processus d&rsquo;inscription et il est fait r\u00e9f\u00e9rence \u00e0 la pr\u00e9sente d\u00e9claration de protection des donn\u00e9es.<\/p>\n<p>Si vous achetez des marchandises ou des services sur notre site Internet et que vous nous communiquez votre adresse e-mail, celle-ci peut \u00eatre utilis\u00e9e par la suite pour vous envoyer une newsletter.<br \/>\nDans ce cas, la newsletter ne contient que de la publicit\u00e9 directe pour nos propres produits ou services similaires. <\/p>\n<p>Aucune donn\u00e9e n&rsquo;est transmise \u00e0 des tiers dans le cadre du traitement des donn\u00e9es pour l&rsquo;envoi de la newsletter.<br \/>\nLes donn\u00e9es sont utilis\u00e9es exclusivement pour l&rsquo;envoi de la newsletter. <\/p>\n<h4>2. base juridique du traitement des donn\u00e9es<\/h4>\n<p>La base juridique pour le traitement des donn\u00e9es apr\u00e8s l&rsquo;inscription \u00e0 la newsletter par l&rsquo;utilisateur est, en cas de consentement de l&rsquo;utilisateur, l&rsquo;art. 6, al. 1 lit. a RGPD.<br \/>\nLa base juridique pour l&rsquo;envoi de la newsletter suite \u00e0 la vente de marchandises ou de services est le \u00a7 7 al. 3 DE LA LCD.<\/p>\n<h4>3. finalit\u00e9 du traitement des donn\u00e9es<\/h4>\n<p>La collecte de l&rsquo;adresse e-mail de l&rsquo;utilisateur sert \u00e0 lui envoyer la newsletter.<br \/>\nLa collecte d&rsquo;autres donn\u00e9es \u00e0 caract\u00e8re personnel dans le cadre de la proc\u00e9dure d&rsquo;inscription sert \u00e0 emp\u00eacher une utilisation abusive des services ou de l&rsquo;adresse \u00e9lectronique utilis\u00e9e. <\/p>\n<h4>4. dur\u00e9e de conservation<\/h4>\n<p>Les donn\u00e9es sont supprim\u00e9es d\u00e8s qu&rsquo;elles ne sont plus n\u00e9cessaires \u00e0 la r\u00e9alisation de l&rsquo;objectif pour lequel elles ont \u00e9t\u00e9 collect\u00e9es.<br \/>\nL&rsquo;adresse \u00e9lectronique de l&rsquo;utilisateur est donc conserv\u00e9e tant que l&rsquo;abonnement \u00e0 la newsletter est actif.<br \/>\nLes autres donn\u00e9es personnelles collect\u00e9es dans le cadre du processus d&rsquo;inscription sont g\u00e9n\u00e9ralement supprim\u00e9es apr\u00e8s un d\u00e9lai de sept jours.  <\/p>\n<h4>5. possibilit\u00e9 d&rsquo;opposition et de suppression<\/h4>\n<p>L&rsquo;abonnement \u00e0 la newsletter peut \u00eatre r\u00e9sili\u00e9 \u00e0 tout moment par l&rsquo;utilisateur concern\u00e9.<br \/>\nUn lien correspondant se trouve \u00e0 cet effet dans chaque newsletter.<br \/>\nCela permet \u00e9galement de r\u00e9voquer le consentement \u00e0 l&rsquo;enregistrement des donn\u00e9es personnelles collect\u00e9es lors du processus d&rsquo;inscription.  <\/p>\n<h3>VII Enregistrement<\/h3>\n<h4>1. description et port\u00e9e du traitement des donn\u00e9es<\/h4>\n<p>Sur notre site Internet, nous offrons aux utilisateurs la possibilit\u00e9 de s&rsquo;enregistrer en indiquant des donn\u00e9es personnelles.<br \/>\nLes donn\u00e9es sont saisies dans un masque de saisie, puis nous sont transmises et enregistr\u00e9es.<br \/>\nLes donn\u00e9es ne sont pas transmises \u00e0 des tiers.<br \/>\nLes donn\u00e9es suivantes sont collect\u00e9es dans le cadre du processus d&rsquo;enregistrement :   <\/p>\n<ul>\n<li>Adresse \u00e9lectronique<\/li>\n<li>Nom, pr\u00e9nom<\/li>\n<li>Adresse<\/li>\n<li>Num\u00e9ro de t\u00e9l\u00e9phone \/ fax<\/li>\n<\/ul>\n<p>Au moment de l&rsquo;enregistrement, les donn\u00e9es suivantes sont \u00e9galement enregistr\u00e9es :<\/p>\n<ul>\n<li>L&rsquo;adresse IP de l&rsquo;utilisateur<\/li>\n<li>la date et l&rsquo;heure de l&rsquo;enregistrement<\/li>\n<\/ul>\n<p>Dans le cadre du processus d&rsquo;enregistrement, l&rsquo;utilisateur est invit\u00e9 \u00e0 donner son consentement au traitement de ces donn\u00e9es.<\/p>\n<h4>2. base juridique du traitement des donn\u00e9es<\/h4>\n<p>La base juridique pour le traitement des donn\u00e9es est, en cas de consentement de l&rsquo;utilisateur, l&rsquo;art. 6 al. 1 lit. a RGPD.<br \/>\nSi l&rsquo;enregistrement sert \u00e0 l&rsquo;ex\u00e9cution d&rsquo;un contrat auquel l&rsquo;utilisateur est partie ou \u00e0 l&rsquo;ex\u00e9cution de mesures pr\u00e9contractuelles, la base juridique suppl\u00e9mentaire pour le traitement des donn\u00e9es est l&rsquo;article 6, paragraphe 1. 1 lit. b du RGPD.<\/p>\n<h4>3. finalit\u00e9 du traitement des donn\u00e9es<\/h4>\n<p>L&rsquo;enregistrement de l&rsquo;utilisateur est n\u00e9cessaire \u00e0 l&rsquo;ex\u00e9cution d&rsquo;un contrat avec l&rsquo;utilisateur ou \u00e0 l&rsquo;ex\u00e9cution de mesures pr\u00e9contractuelles.<\/p>\n<p>Cela se fait exclusivement en relation avec l&rsquo;achat de nos b\u00e2ches de tennis via le configurateur de b\u00e2ches de tennis. Sont enregistr\u00e9es et trait\u00e9es les donn\u00e9es relatives \u00e0 la commande qui sont n\u00e9cessaires \u00e0 l&rsquo;ex\u00e9cution de celle-ci (production, livraison, facturation) et qui sont collect\u00e9es dans le configurateur.<\/p>\n<ul>\n<li>Num\u00e9ro de client, s&rsquo;il est disponible<\/li>\n<li>Nom, pr\u00e9nom<\/li>\n<li>Soci\u00e9t\u00e9<\/li>\n<li>Adresse<\/li>\n<li>T\u00e9l\u00e9phone, fax, e-mail<\/li>\n<li>Contenu de l&rsquo;impression du bandeau, si d&rsquo;autres donn\u00e9es pertinentes y figurent.<\/li>\n<\/ul>\n<h4>4. dur\u00e9e de conservation<\/h4>\n<p>Les donn\u00e9es sont supprim\u00e9es d\u00e8s qu&rsquo;elles ne sont plus n\u00e9cessaires \u00e0 la r\u00e9alisation de l&rsquo;objectif pour lequel elles ont \u00e9t\u00e9 collect\u00e9es.<\/p>\n<p>C&rsquo;est le cas pour les donn\u00e9es collect\u00e9es pendant le processus d&rsquo;enregistrement pour l&rsquo;ex\u00e9cution d&rsquo;un contrat ou pour l&rsquo;ex\u00e9cution de mesures pr\u00e9contractuelles, lorsque les donn\u00e9es ne sont plus n\u00e9cessaires \u00e0 l&rsquo;ex\u00e9cution du contrat.<br \/>\nM\u00eame apr\u00e8s la conclusion du contrat, il peut s&rsquo;av\u00e9rer n\u00e9cessaire de conserver les donn\u00e9es \u00e0 caract\u00e8re personnel de la partie contractante afin de remplir des obligations contractuelles ou l\u00e9gales. <\/p>\n<h4>5. possibilit\u00e9 d&rsquo;opposition et de suppression<\/h4>\n<p>En tant qu&rsquo;utilisateur, vous avez la possibilit\u00e9 de r\u00e9silier votre inscription \u00e0 tout moment.<br \/>\nVous pouvez \u00e0 tout moment faire modifier les donn\u00e9es enregistr\u00e9es vous concernant. <\/p>\n<p>Si les donn\u00e9es sont n\u00e9cessaires \u00e0 l&rsquo;ex\u00e9cution d&rsquo;un contrat ou \u00e0 la mise en \u0153uvre de mesures pr\u00e9contractuelles, une suppression anticip\u00e9e des donn\u00e9es n&rsquo;est possible que dans la mesure o\u00f9 aucune obligation contractuelle ou l\u00e9gale ne s&rsquo;oppose \u00e0 leur suppression.<\/p>\n<h3>VIII. formulaire de contact et contact par e-mail<\/h3>\n<h4>1. description et port\u00e9e du traitement des donn\u00e9es<\/h4>\n<p>Notre site Internet comporte un formulaire de contact qui peut \u00eatre utilis\u00e9 pour une prise de contact \u00e9lectronique.<br \/>\nSi un utilisateur fait usage de cette possibilit\u00e9, les donn\u00e9es saisies dans le masque de saisie nous sont transmises et enregistr\u00e9es.<br \/>\nCes donn\u00e9es sont les suivantes  <\/p>\n<p>Au moment de l&rsquo;envoi du message, les donn\u00e9es suivantes sont \u00e9galement enregistr\u00e9es :<\/p>\n<ul>\n<li>L&rsquo;adresse IP de l&rsquo;utilisateur<\/li>\n<li>la date et l&rsquo;heure de l&rsquo;enregistrement<\/li>\n<li>Adresse \u00e9lectronique<\/li>\n<li>Nom, pr\u00e9nom<\/li>\n<li>Adresse<\/li>\n<li>T\u00e9l\u00e9phone \/ Fax<\/li>\n<\/ul>\n<p>Pour le traitement des donn\u00e9es, votre consentement est demand\u00e9 dans le cadre du processus d&rsquo;envoi et il est fait r\u00e9f\u00e9rence \u00e0 la pr\u00e9sente d\u00e9claration de protection des donn\u00e9es.<\/p>\n<p>Il est \u00e9galement possible de prendre contact via l&rsquo;adresse e-mail mise \u00e0 disposition.<br \/>\nDans ce cas, les donn\u00e9es personnelles de l&rsquo;utilisateur transmises par e-mail sont enregistr\u00e9es. <\/p>\n<p>Dans ce contexte, les donn\u00e9es ne sont pas transmises \u00e0 des tiers.<br \/>\nLes donn\u00e9es sont utilis\u00e9es exclusivement pour le traitement de la conversation. <\/p>\n<h4>2. base juridique du traitement des donn\u00e9es<\/h4>\n<p>La base juridique pour le traitement des donn\u00e9es est, en cas de consentement de l&rsquo;utilisateur, l&rsquo;art. 6 al. 1 lit. a RGPD.<\/p>\n<p>La base juridique pour le traitement des donn\u00e9es transmises dans le cadre de l&rsquo;envoi d&rsquo;un e-mail est l&rsquo;article 6, paragraphe 1, de la loi sur la protection des donn\u00e9es. 1 lit. f du RGPD. Si le contact par e-mail vise \u00e0 la conclusion d&rsquo;un contrat, la base juridique suppl\u00e9mentaire pour le traitement est l&rsquo;art. 6 al. 1 lit. b du RGPD.<\/p>\n<h4>3. finalit\u00e9 du traitement des donn\u00e9es<\/h4>\n<p>Le traitement des donn\u00e9es personnelles figurant dans le masque de saisie nous sert uniquement \u00e0 traiter la prise de contact. Dans le cas d&rsquo;une prise de contact par courrier \u00e9lectronique, l&rsquo;int\u00e9r\u00eat l\u00e9gitime n\u00e9cessaire au traitement des donn\u00e9es r\u00e9side \u00e9galement dans cette prise de contact.<\/p>\n<p>Les autres donn\u00e9es personnelles trait\u00e9es pendant le processus d&rsquo;envoi servent \u00e0 emp\u00eacher toute utilisation abusive du formulaire de contact et \u00e0 assurer la s\u00e9curit\u00e9 de nos syst\u00e8mes informatiques.<\/p>\n<h4>4. dur\u00e9e de conservation<\/h4>\n<p>Les donn\u00e9es sont supprim\u00e9es d\u00e8s qu&rsquo;elles ne sont plus n\u00e9cessaires \u00e0 la r\u00e9alisation de l&rsquo;objectif pour lequel elles ont \u00e9t\u00e9 collect\u00e9es. Pour les donn\u00e9es personnelles issues du masque de saisie du formulaire de contact et celles qui ont \u00e9t\u00e9 envoy\u00e9es par e-mail, c&rsquo;est le cas lorsque la conversation respective avec l&rsquo;utilisateur est termin\u00e9e. La conversation est termin\u00e9e lorsqu&rsquo;il ressort des circonstances que les faits concern\u00e9s ont \u00e9t\u00e9 d\u00e9finitivement clarifi\u00e9s.<\/p>\n<p>Les donn\u00e9es personnelles suppl\u00e9mentaires collect\u00e9es pendant le processus d&rsquo;envoi sont supprim\u00e9es au plus tard apr\u00e8s un d\u00e9lai de sept jours.<\/p>\n<h4>5. possibilit\u00e9 d&rsquo;opposition et de suppression<\/h4>\n<p>L&rsquo;utilisateur a la possibilit\u00e9 de r\u00e9voquer \u00e0 tout moment son consentement au traitement des donn\u00e9es \u00e0 caract\u00e8re personnel. Si l&rsquo;utilisateur prend contact avec nous par e-mail, il peut \u00e0 tout moment s&rsquo;opposer \u00e0 l&rsquo;enregistrement de ses donn\u00e9es personnelles. Dans un tel cas, la conversation ne peut pas se poursuivre.<\/p>\n<p>Dans ce cas, toutes les donn\u00e9es personnelles enregistr\u00e9es lors de la prise de contact seront supprim\u00e9es.<\/p>\n<h3>IX. Analyse web par Google Analytics<\/h3>\n<h4>1. \u00e9tendue du traitement des donn\u00e9es \u00e0 caract\u00e8re personnel<\/h4>\n<p>Sur notre site web, nous utilisons l&rsquo;outil logiciel open source Google Analytics pour analyser le comportement de navigation de nos utilisateurs. Le logiciel place un cookie sur l&rsquo;ordinateur de l&rsquo;utilisateur (pour les cookies, voir d\u00e9j\u00e0 ci-dessus). Lorsque des pages individuelles de notre site web sont consult\u00e9es, les donn\u00e9es suivantes sont enregistr\u00e9es :<\/p>\n<ol class=\"datenschutz\">\n<li>Deux octets de l&rsquo;adresse IP du syst\u00e8me appelant de l&rsquo;utilisateur<\/li>\n<li>La page web consult\u00e9e<\/li>\n<li>le site web \u00e0 partir duquel l&rsquo;utilisateur a acc\u00e9d\u00e9 \u00e0 la page web consult\u00e9e (referrer)<\/li>\n<li>Les sous-pages consult\u00e9es \u00e0 partir de la page web consult\u00e9e<\/li>\n<li>Le temps pass\u00e9 sur le site web<\/li>\n<li>La fr\u00e9quence de consultation du site<\/li>\n<\/ol>\n<p>Le logiciel fonctionne alors exclusivement sur les serveurs de notre site web. Un enregistrement des donn\u00e9es personnelles des utilisateurs n&rsquo;a lieu qu&rsquo;\u00e0 cet endroit.<br \/>\nLes donn\u00e9es ne sont pas transmises \u00e0 des tiers. <\/p>\n<p>Le logiciel est configur\u00e9 de mani\u00e8re \u00e0 ce que les adresses IP ne soient pas enregistr\u00e9es dans leur int\u00e9gralit\u00e9, mais que 2 octets de l&rsquo;adresse IP soient masqu\u00e9s (ex. : 192.168.xxx.xxx).<br \/>\nDe cette mani\u00e8re, il n&rsquo;est plus possible d&rsquo;attribuer l&rsquo;adresse IP raccourcie \u00e0 l&rsquo;ordinateur qui l&rsquo;a appel\u00e9e. <\/p>\n<h4>2. base juridique du traitement des donn\u00e9es \u00e0 caract\u00e8re personnel<\/h4>\n<p>La base juridique du traitement des donn\u00e9es personnelles des utilisateurs est l&rsquo;art. 6, al. 1 lit. f du RGPD.<\/p>\n<h4>3. finalit\u00e9 du traitement des donn\u00e9es<\/h4>\n<p>Le traitement des donn\u00e9es personnelles des utilisateurs nous permet d&rsquo;analyser le comportement de navigation de nos utilisateurs.<br \/>\nGr\u00e2ce \u00e0 l&rsquo;\u00e9valuation des donn\u00e9es obtenues, nous sommes en mesure de rassembler des informations sur l&rsquo;utilisation des diff\u00e9rents composants de notre site web.<br \/>\nCela nous aide \u00e0 am\u00e9liorer en permanence notre site web et sa convivialit\u00e9.<br \/>\nCes objectifs constituent \u00e9galement notre int\u00e9r\u00eat l\u00e9gitime dans le traitement des donn\u00e9es conform\u00e9ment \u00e0 l&rsquo;article 6, paragraphe 1, de la loi sur la protection des donn\u00e9es.    1 lit. f du RGPD. L&rsquo;anonymisation de l&rsquo;adresse IP permet de tenir suffisamment compte de l&rsquo;int\u00e9r\u00eat des utilisateurs pour la protection de leurs donn\u00e9es \u00e0 caract\u00e8re personnel.<\/p>\n<h4>4. dur\u00e9e de conservation<\/h4>\n<p>Les donn\u00e9es sont effac\u00e9es d\u00e8s qu&rsquo;elles ne sont plus n\u00e9cessaires \u00e0 nos fins d&rsquo;enregistrement. Dans notre cas, c&rsquo;est le cas au bout d&rsquo;une semaine.<\/p>\n<h4>5. possibilit\u00e9 d&rsquo;opposition et de suppression<\/h4>\n<p>Les cookies sont stock\u00e9s sur l&rsquo;ordinateur de l&rsquo;utilisateur et transmis par celui-ci \u00e0 notre site.<br \/>\nC&rsquo;est pourquoi, en tant qu&rsquo;utilisateur, vous avez \u00e9galement un contr\u00f4le total sur l&rsquo;utilisation des cookies.<br \/>\nEn modifiant les param\u00e8tres de votre navigateur Internet, vous pouvez d\u00e9sactiver ou limiter la transmission de cookies.<br \/>\nLes cookies d\u00e9j\u00e0 enregistr\u00e9s peuvent \u00eatre supprim\u00e9s \u00e0 tout moment.<br \/>\nCela peut \u00e9galement se faire de mani\u00e8re automatis\u00e9e.<br \/>\nSi les cookies sont d\u00e9sactiv\u00e9s pour notre site web, il se peut que toutes les fonctions du site web ne puissent plus \u00eatre utilis\u00e9es dans leur int\u00e9gralit\u00e9.     <\/p>\n<p>Vous trouverez de plus amples informations sur les param\u00e8tres de confidentialit\u00e9 du logiciel Matomo en cliquant sur le lien suivant : <a href=\"https:\/\/privacy.google.com\/#\" target=\"_blank\" rel=\"noopener noreferrer\" data-et-has-event-already=\"true\">https:\/\/privacy.google.com\/#<\/a><\/p>\n<h4><strong>X. Dispositions relatives \u00e0 la protection des donn\u00e9es concernant l&rsquo;utilisation et le recours \u00e0 Google Remarketing<\/strong><\/h4>\n<p>Le responsable du traitement a int\u00e9gr\u00e9 des services de Google Remarketing sur ce site Internet. Google Remarketing est une fonction de Google-AdWords qui permet \u00e0 une entreprise d&rsquo;afficher de la publicit\u00e9 aupr\u00e8s des internautes qui ont d\u00e9j\u00e0 visit\u00e9 son site Internet. L&rsquo;int\u00e9gration de Google Remarketing permet donc \u00e0 une entreprise de cr\u00e9er des publicit\u00e9s adapt\u00e9es \u00e0 l&rsquo;utilisateur et donc d&rsquo;afficher \u00e0 l&rsquo;internaute des publicit\u00e9s en rapport avec ses centres d&rsquo;int\u00e9r\u00eat. Soci\u00e9t\u00e9 exploitant les services de Google Ireland Limited (\u00ab\u00a0Google\u00a0\u00bb), Gordon House, Barrow Street, Dublin 4, Irlande.<\/p>\n<p>L&rsquo;objectif de Google Remarketing est d&rsquo;afficher des publicit\u00e9s en rapport avec les centres d&rsquo;int\u00e9r\u00eat. Google Remarketing nous permet d&rsquo;afficher des annonces publicitaires via le r\u00e9seau publicitaire de Google ou de les faire appara\u00eetre sur d&rsquo;autres pages Internet, en fonction des besoins et des int\u00e9r\u00eats individuels des internautes. Google Remarketing place un cookie sur le syst\u00e8me informatique de la personne concern\u00e9e. Nous avons d\u00e9j\u00e0 expliqu\u00e9 plus haut ce que sont les cookies. L&rsquo;installation du cookie permet \u00e0 Google de reconna\u00eetre le visiteur de notre site Internet lorsqu&rsquo;il consulte par la suite des pages Internet qui sont \u00e9galement membres du r\u00e9seau publicitaire de Google.<br \/>\n\u00c0 chaque consultation d&rsquo;une page Internet sur laquelle le service de Google Remarketing a \u00e9t\u00e9 int\u00e9gr\u00e9, le navigateur Internet de la personne concern\u00e9e s&rsquo;identifie automatiquement aupr\u00e8s de Google.<br \/>\nDans le cadre de cette proc\u00e9dure technique, Google prend connaissance de donn\u00e9es \u00e0 caract\u00e8re personnel, telles que l&rsquo;adresse IP ou le comportement de navigation de l&rsquo;utilisateur, que Google utilise entre autres pour afficher de la publicit\u00e9 cibl\u00e9e par centres d&rsquo;int\u00e9r\u00eat.  <\/p>\n<p>Le cookie permet d&rsquo;enregistrer des informations personnelles, par exemple les pages Internet visit\u00e9es par la personne concern\u00e9e.<br \/>\nPar cons\u00e9quent, \u00e0 chaque visite de nos pages Internet, des donn\u00e9es personnelles, y compris l&rsquo;adresse IP de la connexion Internet utilis\u00e9e par la personne concern\u00e9e, sont transmises \u00e0 Google aux \u00c9tats-Unis d&rsquo;Am\u00e9rique.<br \/>\nCes donn\u00e9es personnelles sont stock\u00e9es par Google aux \u00c9tats-Unis d&rsquo;Am\u00e9rique.<br \/>\nGoogle est susceptible de transmettre ces donn\u00e9es personnelles collect\u00e9es par le biais de la proc\u00e9dure technique \u00e0 des tiers.   <\/p>\n<p>Comme indiqu\u00e9 ci-dessus, la personne concern\u00e9e peut \u00e0 tout moment emp\u00eacher la mise en place de cookies par notre site Internet au moyen d&rsquo;un r\u00e9glage correspondant du navigateur Internet utilis\u00e9 et s&rsquo;opposer ainsi durablement \u00e0 la mise en place de cookies.<br \/>\nUn tel r\u00e9glage du navigateur Internet utilis\u00e9 emp\u00eacherait \u00e9galement Google de placer un cookie sur le syst\u00e8me informatique de la personne concern\u00e9e.<br \/>\nEn outre, un cookie d\u00e9j\u00e0 plac\u00e9 par Google Analytics peut \u00eatre supprim\u00e9 \u00e0 tout moment via le navigateur Internet ou d&rsquo;autres programmes logiciels.<br \/>\nEn outre, la personne concern\u00e9e a la possibilit\u00e9 de s&rsquo;opposer \u00e0 la publicit\u00e9 cibl\u00e9e par centres d&rsquo;int\u00e9r\u00eat de Google.<br \/>\nPour ce faire, la personne concern\u00e9e doit cliquer sur le lien www.google.de\/settings\/ads \u00e0 partir de n&rsquo;importe quel navigateur Internet qu&rsquo;elle utilise et y effectuer les r\u00e9glages souhait\u00e9s.<br \/>\nDe plus amples informations ainsi que les r\u00e8gles de protection des donn\u00e9es applicables de Google peuvent \u00eatre consult\u00e9es \u00e0 l&rsquo;adresse www.google.de\/intl\/de\/policies\/privacy\/.     <\/p>\n<h4><strong>XI. Dispositions relatives \u00e0 la protection des donn\u00e9es concernant l&rsquo;utilisation de Google-AdWords<\/strong><\/h4>\n<p>Le responsable du traitement a int\u00e9gr\u00e9 Google AdWords sur ce site Internet.<br \/>\nGoogle AdWords est un service de publicit\u00e9 sur Internet qui permet aux annonceurs de diffuser des annonces \u00e0 la fois dans les r\u00e9sultats du moteur de recherche Google et dans le r\u00e9seau publicitaire Google.<br \/>\nGoogle AdWords permet \u00e0 un annonceur de d\u00e9finir \u00e0 l&rsquo;avance certains mots-cl\u00e9s, au moyen desquels une annonce s&rsquo;affiche dans les r\u00e9sultats du moteur de recherche de Google uniquement lorsque l&rsquo;utilisateur consulte un r\u00e9sultat de recherche pertinent pour le mot-cl\u00e9 avec le moteur de recherche.<br \/>\nDans le r\u00e9seau publicitaire de Google, les annonces sont diffus\u00e9es sur des pages Internet pertinentes en termes de th\u00e8mes au moyen d&rsquo;un algorithme automatique et en tenant compte des mots-cl\u00e9s d\u00e9finis au pr\u00e9alable.<br \/>\nL&rsquo;exploitant des services de Google AdWords est Google Ireland Limited (\u00ab\u00a0Google\u00a0\u00bb), Gordon House, Barrow Street, Dublin 4, Irlande.    <\/p>\n<p>L&rsquo;objectif de Google AdWords est la promotion de notre site Internet par l&rsquo;insertion de publicit\u00e9 cibl\u00e9e sur les sites Internet d&rsquo;entreprises tierces et dans les r\u00e9sultats du moteur de recherche Google, ainsi que l&rsquo;insertion de publicit\u00e9 tierce sur notre site Internet.<br \/>\nSi une personne concern\u00e9e acc\u00e8de \u00e0 notre site Internet via une annonce Google, un cookie de conversion est d\u00e9pos\u00e9 par Google sur le syst\u00e8me informatique de la personne concern\u00e9e.<br \/>\nNous avons d\u00e9j\u00e0 expliqu\u00e9 plus haut ce que sont les cookies.<br \/>\nUn cookie de conversion perd sa validit\u00e9 apr\u00e8s trente jours et ne sert pas \u00e0 identifier la personne concern\u00e9e.<br \/>\nLe cookie de conversion permet, dans la mesure o\u00f9 le cookie n&rsquo;a pas encore expir\u00e9, de savoir si certaines sous-pages, par exemple le panier d&rsquo;un syst\u00e8me de boutique en ligne, ont \u00e9t\u00e9 consult\u00e9es sur notre site Internet.<br \/>\nLe cookie de conversion nous permet, ainsi qu&rsquo;\u00e0 Google, de savoir si une personne concern\u00e9e, qui est arriv\u00e9e sur notre site Internet via une annonce AdWords, a g\u00e9n\u00e9r\u00e9 un chiffre d&rsquo;affaires, c&rsquo;est-\u00e0-dire si elle a effectu\u00e9 ou interrompu un achat de marchandises.     <\/p>\n<p>Les donn\u00e9es et informations collect\u00e9es par l&rsquo;utilisation du cookie de conversion sont utilis\u00e9es par Google afin d&rsquo;\u00e9tablir des statistiques de visite pour notre site Internet.<br \/>\nCes statistiques de visite sont \u00e0 leur tour utilis\u00e9es par nous pour d\u00e9terminer le nombre total d&rsquo;utilisateurs qui nous ont \u00e9t\u00e9 adress\u00e9s par le biais d&rsquo;annonces AdWords, c&rsquo;est-\u00e0-dire pour d\u00e9terminer le succ\u00e8s ou l&rsquo;\u00e9chec de l&rsquo;annonce AdWords concern\u00e9e et pour optimiser nos annonces AdWords \u00e0 l&rsquo;avenir.<br \/>\nNi notre entreprise ni aucun autre annonceur de Google AdWords ne re\u00e7oit d&rsquo;informations de Google permettant d&rsquo;identifier la personne concern\u00e9e.  <\/p>\n<p>Le cookie de conversion permet d&rsquo;enregistrer des informations personnelles, par exemple les pages Internet visit\u00e9es par la personne concern\u00e9e.<br \/>\nLors de chaque visite de nos pages Internet, des donn\u00e9es personnelles, y compris l&rsquo;adresse IP de la connexion Internet utilis\u00e9e par la personne concern\u00e9e, sont donc transmises \u00e0 Google aux \u00c9tats-Unis d&rsquo;Am\u00e9rique.<br \/>\nCes donn\u00e9es personnelles sont stock\u00e9es par Google aux \u00c9tats-Unis d&rsquo;Am\u00e9rique.<br \/>\nGoogle est susceptible de transmettre ces donn\u00e9es personnelles collect\u00e9es par le biais de la proc\u00e9dure technique \u00e0 des tiers.   <\/p>\n<p>Comme indiqu\u00e9 ci-dessus, la personne concern\u00e9e peut \u00e0 tout moment emp\u00eacher la mise en place de cookies par notre site Internet au moyen d&rsquo;un r\u00e9glage correspondant du navigateur Internet utilis\u00e9 et s&rsquo;opposer ainsi durablement \u00e0 la mise en place de cookies.<br \/>\nUn tel r\u00e9glage du navigateur Internet utilis\u00e9 emp\u00eacherait \u00e9galement Google de placer un cookie de conversion sur le syst\u00e8me informatique de la personne concern\u00e9e.<br \/>\nEn outre, un cookie d\u00e9j\u00e0 plac\u00e9 par Google AdWords peut \u00eatre supprim\u00e9 \u00e0 tout moment via le navigateur Internet ou d&rsquo;autres programmes logiciels.<br \/>\nEn outre, la personne concern\u00e9e a la possibilit\u00e9 de s&rsquo;opposer \u00e0 la publicit\u00e9 cibl\u00e9e par centres d&rsquo;int\u00e9r\u00eat de Google.<br \/>\nPour ce faire, la personne concern\u00e9e doit acc\u00e9der au lien www.google.de\/settings\/ads \u00e0 partir de n&rsquo;importe quel navigateur Internet qu&rsquo;elle utilise et y effectuer les r\u00e9glages souhait\u00e9s.<br \/>\nDe plus amples informations et les r\u00e8gles de protection des donn\u00e9es applicables de Google peuvent \u00eatre consult\u00e9es \u00e0 l&rsquo;adresse suivante : www.google.de\/intl\/de\/policies\/privacy\/.     <\/p>\n<h4><strong>XII. Gestionnaire de balises Google<\/strong><\/h4>\n<p>Nous utilisons sur notre site web \u00ab\u00a0Google Tag Manager\u00a0\u00bb, un service de Google Ireland Limited, Google Building Gordon House, Barrow St, Dublin 4, Irlande (ci-apr\u00e8s d\u00e9nomm\u00e9 \u00ab\u00a0Google\u00a0\u00bb).<br \/>\nGoogle Tag Manager nous permet, en tant que marketeur, de g\u00e9rer les tags de sites web via une interface.<br \/>\nL&rsquo;outil Google Tag Manager, qui met en \u0153uvre les balises, est un domaine sans cookie et ne collecte lui-m\u00eame aucune donn\u00e9e personnelle.<br \/>\nGoogle Tag Manager se charge de d\u00e9clencher d&rsquo;autres balises qui, \u00e0 leur tour, collectent \u00e9ventuellement des donn\u00e9es.<br \/>\nGoogle Tag Manager n&rsquo;acc\u00e8de pas \u00e0 ces donn\u00e9es.<br \/>\nSi une d\u00e9sactivation a \u00e9t\u00e9 effectu\u00e9e au niveau du domaine ou des cookies, elle reste valable pour toutes les balises de suivi mises en \u0153uvre avec Google Tag Manager.     <\/p>\n<p>Informations du fournisseur tiers : Google Ireland Limited, Google Building Gordon House, Barrow St, Dublin 4, Irlande<\/p>\n<p>Vous trouverez de plus amples informations sur la protection des donn\u00e9es sur les pages web suivantes de Google :<\/p>\n<ul>\n<li>D\u00e9claration de confidentialit\u00e9 : <a href=\"https:\/\/policies.google.com\/privacy?hl=de&amp;gl=de\"><br \/>\n  <strong>https:\/\/policies.google.com\/privacy?hl=de&amp;gl=de<\/strong><br \/>\n<\/a><\/li>\n<li>FAQ Google Tag Manager : <a href=\"https:\/\/www.google.com\/intl\/de\/tagmanager\/faq.html\"><br \/>\n  <strong>https:\/\/www.google.com\/intl\/de\/tagmanager\/faq.html<\/strong><br \/>\n<\/a><\/li>\n<li>Conditions d&rsquo;utilisation de Google Tag Manager : <a href=\"https:\/\/www.google.com\/intl\/de\/tagmanager\/use-policy.html\"><br \/>\n  <strong>https:\/\/www.google.com\/intl\/de\/tagmanager\/use-policy.html<\/strong><br \/>\n<\/a><\/li>\n<\/ul>\n<p>&nbsp;<\/p>\n<h4><strong>XIII Dispositions relatives \u00e0 la protection des donn\u00e9es concernant l&rsquo;utilisation de Facebook<\/strong><\/h4>\n<p>Le responsable du traitement a int\u00e9gr\u00e9 des composants de l&rsquo;entreprise Facebook sur ce site Internet.<\/p>\n<p>Facebook est un r\u00e9seau social. Un r\u00e9seau social est un lieu de rencontre social g\u00e9r\u00e9 sur Internet, une communaut\u00e9 en ligne qui permet g\u00e9n\u00e9ralement aux utilisateurs de communiquer entre eux et d&rsquo;interagir dans un espace virtuel. Un r\u00e9seau social peut servir de plateforme d&rsquo;\u00e9change d&rsquo;opinions et d&rsquo;exp\u00e9riences ou permet \u00e0 la communaut\u00e9 Internet de fournir des informations personnelles ou relatives \u00e0 l&rsquo;entreprise. Facebook permet aux utilisateurs du r\u00e9seau social, entre autres, de cr\u00e9er des profils priv\u00e9s, de t\u00e9l\u00e9charger des photos et d&rsquo;\u00e9tablir un r\u00e9seau via des demandes d&rsquo;amis. La soci\u00e9t\u00e9 d&rsquo;exploitation de Facebook est Facebook, Inc., 1 Hacker Way, Menlo Park, CA 94025, \u00c9tats-Unis. Le responsable du traitement des donn\u00e9es \u00e0 caract\u00e8re personnel est, lorsqu&rsquo;une personne concern\u00e9e vit en dehors des \u00c9tats-Unis ou du Canada, Facebook Ireland Ltd, 4 Grand Canal Square, Grand Canal Harbour, Dublin 2, Ireland.<\/p>\n<p>Chaque fois qu&rsquo;une page de ce site Internet, exploit\u00e9e par le responsable du traitement et sur laquelle un composant Facebook (plug-in Facebook) a \u00e9t\u00e9 int\u00e9gr\u00e9, est appel\u00e9e, le navigateur Internet du syst\u00e8me informatique de la personne concern\u00e9e est automatiquement invit\u00e9 par le composant Facebook concern\u00e9 \u00e0 t\u00e9l\u00e9charger une repr\u00e9sentation du composant Facebook correspondant de Facebook.<br \/>\nUne vue d&rsquo;ensemble de tous les plug-ins Facebook peut \u00eatre consult\u00e9e \u00e0 l&rsquo;adresse developers.facebook.com\/docs\/plugins\/.<br \/>\nDans le cadre de cette proc\u00e9dure technique, Facebook est inform\u00e9 de la sous-page concr\u00e8te de notre site Internet visit\u00e9e par la personne concern\u00e9e.  <\/p>\n<p>Si la personne concern\u00e9e est connect\u00e9e en m\u00eame temps \u00e0 Facebook, Facebook reconna\u00eet, \u00e0 chaque appel de notre site Internet par la personne concern\u00e9e et pendant toute la dur\u00e9e de son s\u00e9jour sur notre site Internet, quelle sous-page sp\u00e9cifique de notre site Internet la personne concern\u00e9e visite.<br \/>\nCes informations sont collect\u00e9es par le composant Facebook et attribu\u00e9es par Facebook au compte Facebook respectif de la personne concern\u00e9e.<br \/>\nSi la personne concern\u00e9e actionne l&rsquo;un des boutons Facebook int\u00e9gr\u00e9s sur notre site Internet, par exemple le bouton \u00ab\u00a0J&rsquo;aime\u00a0\u00bb, ou si la personne concern\u00e9e fait un commentaire, Facebook associe cette information au compte d&rsquo;utilisateur Facebook personnel de la personne concern\u00e9e et enregistre ces donn\u00e9es personnelles.  <\/p>\n<p>Facebook re\u00e7oit toujours, via le composant Facebook, une information indiquant que la personne concern\u00e9e a visit\u00e9 notre site Internet si la personne concern\u00e9e est connect\u00e9e \u00e0 Facebook au moment de l&rsquo;appel de notre site Internet ; ceci a lieu ind\u00e9pendamment du fait que la personne concern\u00e9e clique ou non sur le composant Facebook.<br \/>\nSi la personne concern\u00e9e ne souhaite pas que ces informations soient transmises \u00e0 Facebook, elle peut emp\u00eacher cette transmission en se d\u00e9connectant de son compte Facebook avant d&rsquo;appeler notre site Internet. <\/p>\n<p>La politique de donn\u00e9es publi\u00e9e par Facebook, disponible \u00e0 l&rsquo;adresse fr-fr.facebook.com\/about\/privacy\/, fournit des informations sur la collecte, le traitement et l&rsquo;utilisation des donn\u00e9es personnelles par Facebook.<br \/>\nIl y est \u00e9galement expliqu\u00e9 quelles sont les possibilit\u00e9s de param\u00e9trage offertes par Facebook pour prot\u00e9ger la vie priv\u00e9e de la personne concern\u00e9e.<br \/>\nEn outre, il existe diff\u00e9rentes applications qui permettent de supprimer la transmission de donn\u00e9es \u00e0 Facebook.<br \/>\nCes applications peuvent \u00eatre utilis\u00e9es par la personne concern\u00e9e pour supprimer la transmission de donn\u00e9es \u00e0 Facebook.   <\/p>\n<h4><strong>XIV Dispositions relatives \u00e0 la protection des donn\u00e9es concernant l&rsquo;utilisation d&rsquo;Instagram<\/strong><\/h4>\n<p>Le responsable du traitement a int\u00e9gr\u00e9 des composants du service Instagram sur ce site Internet.<br \/>\nInstagram est un service qui peut \u00eatre qualifi\u00e9 de plateforme audiovisuelle et qui permet aux utilisateurs de partager des photos et des vid\u00e9os et de diffuser ces donn\u00e9es sur d&rsquo;autres r\u00e9seaux sociaux.<br \/>\nLa soci\u00e9t\u00e9 d&rsquo;exploitation des services d&rsquo;Instagram est Instagram LLC, 1 Hacker Way, Building 14 First Floor, Menlo Park, CA, USA.  <\/p>\n<p>Chaque fois que vous consultez l&rsquo;une des pages individuelles de ce site Internet, qui est exploit\u00e9 par le responsable du traitement et sur lequel un composant Instagram (bouton Insta) a \u00e9t\u00e9 int\u00e9gr\u00e9, le navigateur Internet du syst\u00e8me informatique de la personne concern\u00e9e est automatiquement invit\u00e9 par le composant Instagram concern\u00e9 \u00e0 t\u00e9l\u00e9charger une repr\u00e9sentation du composant correspondant d&rsquo;Instagram.<br \/>\nDans le cadre de cette proc\u00e9dure technique, Instagram est inform\u00e9 de la sous-page concr\u00e8te de notre site Internet visit\u00e9e par la personne concern\u00e9e. <\/p>\n<p>Dans la mesure o\u00f9 la personne concern\u00e9e est connect\u00e9e en m\u00eame temps \u00e0 Instagram, Instagram reconna\u00eet \u00e0 chaque appel de notre site Internet par la personne concern\u00e9e et pendant toute la dur\u00e9e de son s\u00e9jour sur notre site Internet quelle sous-page sp\u00e9cifique la personne concern\u00e9e visite.<br \/>\nCes informations sont collect\u00e9es par le composant Instagram et attribu\u00e9es par Instagram au compte Instagram respectif de la personne concern\u00e9e.<br \/>\nSi la personne concern\u00e9e clique sur l&rsquo;un des boutons Instagram int\u00e9gr\u00e9s sur notre site Internet, les donn\u00e9es et informations ainsi transmises sont attribu\u00e9es au compte d&rsquo;utilisateur Instagram personnel de la personne concern\u00e9e et sont enregistr\u00e9es et trait\u00e9es par Instagram.  <\/p>\n<p>Instagram re\u00e7oit toujours, via le composant Instagram, des informations indiquant que la personne concern\u00e9e a visit\u00e9 notre site Internet si la personne concern\u00e9e est simultan\u00e9ment connect\u00e9e \u00e0 Instagram au moment de l&rsquo;appel de notre site Internet ; cela a lieu ind\u00e9pendamment du fait que la personne concern\u00e9e clique ou non sur le composant Instagram.<br \/>\nSi la personne concern\u00e9e ne souhaite pas que ces informations soient transmises \u00e0 Instagram, elle peut emp\u00eacher cette transmission en se d\u00e9connectant de son compte Instagram avant d&rsquo;appeler notre site Internet.<br \/>\nDe plus amples informations et la politique de confidentialit\u00e9 applicable d&rsquo;Instagram peuvent \u00eatre consult\u00e9es sur help.instagram.com\/155833707900388 et www.instagram.com\/about\/legal\/privacy\/.  <\/p>\n<h4><strong>XV. Tag LinkedIn Insight<\/strong><\/h4>\n<p><strong>Description du service<\/strong><\/p>\n<p>Il s&rsquo;agit d&rsquo;un service de suivi des conversions et de reciblage.<\/p>\n<p><strong>Entreprise de transformation<\/strong><\/p>\n<p>LinkedIn Ireland Unlimited Company<\/p>\n<p>Wilton Place, Dublin 2, Irlande<\/p>\n<p><strong>Finalit\u00e9 des donn\u00e9es<\/strong><\/p>\n<p>Cette liste pr\u00e9sente les finalit\u00e9s de la collecte et du traitement des donn\u00e9es.<\/p>\n<ul>\n<li>Marketing<\/li>\n<li>Retargeting<\/li>\n<li>Analyse<\/li>\n<\/ul>\n<p><strong>Technologies utilis\u00e9es<\/strong><\/p>\n<p>Cette liste contient toutes les technologies utilis\u00e9es par ce service pour collecter des donn\u00e9es.<br \/>\nLes technologies typiques sont les cookies et les pixels plac\u00e9s dans le navigateur. <\/p>\n<ul>\n<li>Cookies<\/li>\n<\/ul>\n<p><strong>Donn\u00e9es collect\u00e9es<\/strong><\/p>\n<p>Cette liste contient toutes les donn\u00e9es (personnelles) collect\u00e9es par ou via l&rsquo;utilisation de ce service.<\/p>\n<ul>\n<li>Informations sur l&rsquo;appareil<\/li>\n<li>Adresse IP<\/li>\n<li>URL de r\u00e9f\u00e9rence<\/li>\n<li>Horodatage<\/li>\n<li>Informations sur le navigateur<\/li>\n<\/ul>\n<p><strong>Base juridique<\/strong><\/p>\n<p>La base juridique requise pour le traitement des donn\u00e9es est la suivante<\/p>\n<ul>\n<li>Art. 6 al. 1 p. 1 lit. a RGPD<\/li>\n<\/ul>\n<p><strong>Lieu de traitement<\/strong><\/p>\n<p>Il s&rsquo;agit du lieu principal o\u00f9 les donn\u00e9es collect\u00e9es sont trait\u00e9es.<br \/>\nSi les donn\u00e9es sont \u00e9galement trait\u00e9es dans d&rsquo;autres pays, vous en serez inform\u00e9 s\u00e9par\u00e9ment. <\/p>\n<p>Singapour, \u00c9tats-Unis d&rsquo;Am\u00e9rique, Union europ\u00e9enne<\/p>\n<p><strong>Dur\u00e9e de conservation<\/strong><\/p>\n<p>La dur\u00e9e de conservation est la p\u00e9riode pendant laquelle les donn\u00e9es collect\u00e9es sont conserv\u00e9es \u00e0 des fins de traitement.<br \/>\nLes donn\u00e9es doivent \u00eatre effac\u00e9es d\u00e8s qu&rsquo;elles ne sont plus n\u00e9cessaires aux fins de traitement indiqu\u00e9es. <\/p>\n<p>Les donn\u00e9es sont supprim\u00e9es au bout de 90 jours.<\/p>\n<p><strong>Transfert vers des pays tiers<\/strong><\/p>\n<p>Ce service peut transf\u00e9rer les donn\u00e9es collect\u00e9es vers un autre pays.<br \/>\nVeuillez noter que ce service peut transf\u00e9rer des donn\u00e9es vers un pays qui n&rsquo;offre pas un niveau de protection des donn\u00e9es ad\u00e9quat.<br \/>\nSi les donn\u00e9es sont transf\u00e9r\u00e9es aux \u00c9tats-Unis, il existe un risque que vos donn\u00e9es puissent \u00eatre trait\u00e9es par les autorit\u00e9s am\u00e9ricaines \u00e0 des fins de contr\u00f4le et de surveillance, sans que vous ayez \u00e9ventuellement des possibilit\u00e9s de recours.<br \/>\nVous trouverez ci-dessous une liste des pays vers lesquels les donn\u00e9es seront transf\u00e9r\u00e9es.<br \/>\nPour plus d&rsquo;informations sur les garanties de s\u00e9curit\u00e9, veuillez consulter la politique de confidentialit\u00e9 du fournisseur du site web ou contacter directement le fournisseur du site web.    <\/p>\n<ul>\n<li>Singapour<\/li>\n<li>\u00c9tats-Unis d&rsquo;Am\u00e9rique<\/li>\n<\/ul>\n<p><strong>Destinataire des donn\u00e9es<\/strong><\/p>\n<p>Les destinataires des donn\u00e9es collect\u00e9es sont \u00e9num\u00e9r\u00e9s ci-dessous.<\/p>\n<ul>\n<li>LinkedIn Ireland Unlimited Company<\/li>\n<\/ul>\n<p><strong>Cliquez ici pour lire la politique de confidentialit\u00e9 de l&rsquo;entreprise de traitement des donn\u00e9es.<\/strong><\/p>\n<p><a href=\"https:\/\/www.linkedin.com\/legal\/privacy-policy?src=li-other&amp;veh=www.linkedin.com\">https:\/\/www.linkedin.com\/legal\/privacy-policy?src=li-other&amp;veh=www.linkedin.com<\/a><\/p>\n<p><strong>Cliquez ici pour lire la politique en mati\u00e8re de cookies du responsable du traitement des donn\u00e9es.<\/strong><\/p>\n<p><a href=\"https:\/\/www.linkedin.com\/legal\/cookie_policy?src=li-other&amp;veh=www.linkedin.com\">https:\/\/www.linkedin.com\/legal\/cookie_policy?src=li-other&amp;veh=www.linkedin.com<\/a><\/p>\n<p><strong>Cliquez ici pour vous r\u00e9tracter sur tous les domaines de l&rsquo;entreprise de traitement.<\/strong><\/p>\n<p><a href=\"https:\/\/www.linkedin.com\/legal\/privacy-policy?src=li-other&amp;veh=www.linkedin.com\">https:\/\/www.linkedin.com\/legal\/privacy-policy?src=li-other&amp;veh=www.linkedin.com<\/a><\/p>\n<p><strong>Informations sur la m\u00e9moire<\/strong><\/p>\n<ul>\n<li>dur\u00e9e maximale de conservation des cookies : 6 mois<\/li>\n<\/ul>\n<p><strong>Informations enregistr\u00e9es<\/strong><\/p>\n<ul>\n<li>Nom : LinkedIn Insight ; Cette technologie permet de pr\u00e9senter des publicit\u00e9s personnalis\u00e9es aux visiteurs de notre site web sur LinkedIn ; Type : cookie ; Dur\u00e9e : 6 mois ;<\/li>\n<\/ul>\n<h3>Droits de la personne concern\u00e9e<\/h3>\n<p>Si des donn\u00e9es \u00e0 caract\u00e8re personnel vous concernant sont trait\u00e9es, vous \u00eates une personne concern\u00e9e au sens du RGPD et vous disposez des droits suivants vis-\u00e0-vis du responsable :<\/p>\n<h4>1. droit d&rsquo;acc\u00e8s<\/h4>\n<p>Vous pouvez demander au responsable de vous confirmer si des donn\u00e9es \u00e0 caract\u00e8re personnel vous concernant sont trait\u00e9es par nos soins.<br \/>\nSi un tel traitement existe, vous pouvez demander au responsable de vous fournir les informations suivantes : <\/p>\n<ol class=\"datenschutz\">\n<li>les finalit\u00e9s pour lesquelles les donn\u00e9es \u00e0 caract\u00e8re personnel sont trait\u00e9es ;<\/li>\n<li>les cat\u00e9gories de donn\u00e9es \u00e0 caract\u00e8re personnel qui sont trait\u00e9es ;<\/li>\n<li>les destinataires ou les cat\u00e9gories de destinataires auxquels les donn\u00e9es \u00e0 caract\u00e8re personnel vous concernant ont \u00e9t\u00e9 ou seront divulgu\u00e9es ;<\/li>\n<li>la dur\u00e9e pr\u00e9vue de conservation des donn\u00e9es \u00e0 caract\u00e8re personnel vous concernant ou, s&rsquo;il n&rsquo;est pas possible de fournir des informations concr\u00e8tes \u00e0 ce sujet, les crit\u00e8res permettant de d\u00e9terminer la dur\u00e9e de conservation ;<\/li>\n<li>l&rsquo;existence d&rsquo;un droit de rectification ou d&rsquo;effacement des donn\u00e9es \u00e0 caract\u00e8re personnel vous concernant, d&rsquo;un droit de limitation du traitement par le responsable du traitement ou d&rsquo;un droit d&rsquo;opposition \u00e0 ce traitement ;<\/li>\n<li>l&rsquo;existence d&rsquo;un droit de recours aupr\u00e8s d&rsquo;une autorit\u00e9 de surveillance ;<\/li>\n<li>toutes les informations disponibles sur l&rsquo;origine des donn\u00e9es, lorsque les donn\u00e9es \u00e0 caract\u00e8re personnel ne sont pas collect\u00e9es aupr\u00e8s de la personne concern\u00e9e ;<\/li>\n<li>l&rsquo;existence d&rsquo;une prise de d\u00e9cision automatis\u00e9e, y compris le profilage, conform\u00e9ment \u00e0 l&rsquo;art. 22, al.<br \/>\n1 et 4 du RGPD et &#8211; au moins dans ces cas &#8211; des informations pertinentes sur la logique impliqu\u00e9e ainsi que sur la port\u00e9e et les effets escompt\u00e9s d&rsquo;un tel traitement pour la personne concern\u00e9e. <\/li>\n<\/ol>\n<p>Vous avez le droit de demander si les donn\u00e9es \u00e0 caract\u00e8re personnel vous concernant sont transmises \u00e0 un pays tiers ou \u00e0 une organisation internationale.<br \/>\nDans ce contexte, vous pouvez demander \u00e0 \u00eatre inform\u00e9(e) des garanties appropri\u00e9es conform\u00e9ment \u00e0 l&rsquo;article 6.  l&rsquo;article 46 du RGPD en relation avec le transfert.<\/p>\n<h4>2. droit de rectification<\/h4>\n<p>Vous avez le droit de faire rectifier et\/ou compl\u00e9ter par le responsable si les donn\u00e9es \u00e0 caract\u00e8re personnel trait\u00e9es vous concernant sont inexactes ou incompl\u00e8tes.<br \/>\nLe responsable doit proc\u00e9der \u00e0 la rectification sans d\u00e9lai. <\/p>\n<h4>3. droit \u00e0 la limitation du traitement<\/h4>\n<p>Dans les conditions suivantes, vous pouvez demander la limitation du traitement des donn\u00e9es \u00e0 caract\u00e8re personnel vous concernant :<\/p>\n<ol class=\"datenschutz\">\n<li>si vous contestez l&rsquo;exactitude des donn\u00e9es \u00e0 caract\u00e8re personnel vous concernant pendant une dur\u00e9e permettant au responsable du traitement de v\u00e9rifier l&rsquo;exactitude de ces donn\u00e9es ;<\/li>\n<li>le traitement est illicite et que vous refusez l&rsquo;effacement des donn\u00e9es \u00e0 caract\u00e8re personnel et demandez \u00e0 la place la limitation de l&rsquo;utilisation des donn\u00e9es \u00e0 caract\u00e8re personnel ;<\/li>\n<li>le responsable n&rsquo;a plus besoin des donn\u00e9es \u00e0 caract\u00e8re personnel pour les finalit\u00e9s du traitement, mais vous en avez besoin pour faire valoir, exercer ou d\u00e9fendre des droits en justice, ou que<\/li>\n<li>si vous vous opposez au traitement conform\u00e9ment \u00e0 l&rsquo;article 21, paragraphe 1, de la loi sur la protection des donn\u00e9es. 1 RGPD et qu&rsquo;il n&rsquo;a pas encore \u00e9t\u00e9 \u00e9tabli si les motifs l\u00e9gitimes du responsable pr\u00e9valent sur les v\u00f4tres.<\/li>\n<\/ol>\n<p>Si le traitement des donn\u00e9es \u00e0 caract\u00e8re personnel vous concernant a \u00e9t\u00e9 limit\u00e9, ces donn\u00e9es ne peuvent \u00eatre trait\u00e9es &#8211; \u00e0 l&rsquo;exception de leur conservation &#8211; qu&rsquo;avec votre consentement ou pour la constatation, l&rsquo;exercice ou la d\u00e9fense de droits en justice ou pour la protection des droits d&rsquo;une autre personne physique ou morale, ou encore pour un motif d&rsquo;int\u00e9r\u00eat public important de l&rsquo;Union ou d&rsquo;un \u00c9tat membre.<\/p>\n<p>Si la restriction du traitement a \u00e9t\u00e9 limit\u00e9e conform\u00e9ment aux conditions susmentionn\u00e9es, le responsable vous en informera avant de lever la restriction.<\/p>\n<h4>4. droit \u00e0 l&rsquo;effacement<\/h4>\n<h5>a) Obligation d&rsquo;annulation<\/h5>\n<p>Vous pouvez exiger du responsable que les donn\u00e9es \u00e0 caract\u00e8re personnel vous concernant soient effac\u00e9es sans d\u00e9lai, et le responsable est tenu d&rsquo;effacer ces donn\u00e9es sans d\u00e9lai si l&rsquo;une des raisons suivantes s&rsquo;applique :<\/p>\n<ol class=\"datenschutz\">\n<li>les donn\u00e9es \u00e0 caract\u00e8re personnel vous concernant ne sont plus n\u00e9cessaires au regard des finalit\u00e9s pour lesquelles elles ont \u00e9t\u00e9 collect\u00e9es ou trait\u00e9es d&rsquo;une autre mani\u00e8re<\/li>\n<li>Vous r\u00e9voquez votre consentement sur lequel se fonde le traitement conform\u00e9ment \u00e0 l&rsquo;article 6, paragraphe 2. Art. 6 al. 1 lit. a ou de l&rsquo;art. 9 al. 2 lit. a du RGPD et qu&rsquo;il n&rsquo;existe pas d&rsquo;autre base juridique pour le traitement.<\/li>\n<li>Ils cr\u00e9ent, conform\u00e9ment \u00e0 l&rsquo;art. Art. 21 al. 1 RGPD, vous vous opposez au traitement et il n&rsquo;existe pas de motifs l\u00e9gitimes pr\u00e9\u00e9minents pour le traitement, ou vous d\u00e9posez une plainte conform\u00e9ment \u00e0 l&rsquo;art. Art. 21 al. 2 RGPD s&rsquo;oppose au traitement.<\/li>\n<li>Les donn\u00e9es \u00e0 caract\u00e8re personnel vous concernant ont \u00e9t\u00e9 trait\u00e9es ill\u00e9galement.<\/li>\n<li>L&rsquo;effacement des donn\u00e9es \u00e0 caract\u00e8re personnel vous concernant est n\u00e9cessaire au respect d&rsquo;une obligation l\u00e9gale en vertu du droit de l&rsquo;Union ou du droit des \u00c9tats membres auquel le responsable est soumis.<\/li>\n<li>Les donn\u00e9es \u00e0 caract\u00e8re personnel vous concernant ont \u00e9t\u00e9 collect\u00e9es en relation avec des services offerts par la soci\u00e9t\u00e9 de l&rsquo;information, conform\u00e9ment \u00e0 l&rsquo;article 8, paragraphe 1, de la directive \u00ab\u00a0vie priv\u00e9e et communications \u00e9lectroniques\u00a0\u00bb. 1 RGPD.<\/li>\n<\/ol>\n<h5>b) Information \u00e0 des tiers<\/h5>\n<p>Si le responsable a rendu publiques les donn\u00e9es \u00e0 caract\u00e8re personnel vous concernant et s&rsquo;il est habilit\u00e9 \u00e0 les communiquer conform\u00e9ment \u00e0 l&rsquo;article 3, paragraphe 1, de la loi sur la protection des donn\u00e9es, il est tenu de le faire. Art. 17 al. 1 RGPD, il prend les mesures appropri\u00e9es, y compris d&rsquo;ordre technique, compte tenu des technologies disponibles et des co\u00fbts de mise en \u0153uvre, pour informer les responsables du traitement des donn\u00e9es qui traitent les donn\u00e9es \u00e0 caract\u00e8re personnel que vous, en tant que personne concern\u00e9e, avez demand\u00e9 l&rsquo;effacement de tous les liens vers ces donn\u00e9es \u00e0 caract\u00e8re personnel ou vers des copies ou des r\u00e9plications de ces donn\u00e9es.<\/p>\n<h5>c) Exceptions<\/h5>\n<p>Le droit \u00e0 l&rsquo;effacement n&rsquo;existe pas dans la mesure o\u00f9 le traitement est n\u00e9cessaire<\/p>\n<ol class=\"datenschutz\">\n<li>\u00e0 l&rsquo;exercice du droit \u00e0 la libert\u00e9 d&rsquo;expression et d&rsquo;information ;<\/li>\n<li>au respect d&rsquo;une obligation l\u00e9gale exigeant le traitement en vertu du droit de l&rsquo;Union ou des \u00c9tats membres auquel le responsable est soumis, ou \u00e0 l&rsquo;ex\u00e9cution d&rsquo;une mission d&rsquo;int\u00e9r\u00eat public ou relevant de l&rsquo;exercice de l&rsquo;autorit\u00e9 publique dont est investi le responsable ;<\/li>\n<li>pour des raisons d&rsquo;int\u00e9r\u00eat public dans le domaine de la sant\u00e9 publique, conform\u00e9ment \u00e0 l&rsquo;article 9, paragraphe 1, de la directive sur la protection des donn\u00e9es. 2 lit. h et i ainsi que l&rsquo;art. 9 al. 3 RGPD ;<\/li>\n<li>\u00e0 des fins d&rsquo;archivage dans l&rsquo;int\u00e9r\u00eat public, \u00e0 des fins de recherche scientifique ou historique ou \u00e0 des fins statistiques, conform\u00e9ment \u00e0 l&rsquo;article 6 de la loi sur la protection des donn\u00e9es. Art. 89 al. 1 RGPD, dans la mesure o\u00f9 le droit vis\u00e9 au point a) rend vraisemblablement impossible ou compromet s\u00e9rieusement la r\u00e9alisation des objectifs de ce traitement ; ou<\/li>\n<li>pour faire valoir, exercer ou d\u00e9fendre des droits l\u00e9gaux.<\/li>\n<\/ol>\n<h4>5. droit \u00e0 l&rsquo;information<\/h4>\n<p>Si vous avez exerc\u00e9 votre droit de rectification, d&rsquo;effacement ou de limitation du traitement aupr\u00e8s du responsable, celui-ci est tenu de communiquer cette rectification ou cet effacement des donn\u00e9es ou cette limitation du traitement \u00e0 tous les destinataires auxquels les donn\u00e9es \u00e0 caract\u00e8re personnel vous concernant ont \u00e9t\u00e9 divulgu\u00e9es, \u00e0 moins que cela ne s&rsquo;av\u00e8re impossible ou n&rsquo;implique un effort disproportionn\u00e9.<\/p>\n<p>Vous avez le droit d&rsquo;\u00eatre inform\u00e9 de ces destinataires par le responsable du traitement.<\/p>\n<h4>6. droit \u00e0 la portabilit\u00e9 des donn\u00e9es<\/h4>\n<p>Vous avez le droit de recevoir les donn\u00e9es \u00e0 caract\u00e8re personnel vous concernant, que vous avez fournies au responsable, dans un format structur\u00e9, couramment utilis\u00e9 et lisible par machine. Vous avez \u00e9galement le droit de transmettre ces donn\u00e9es \u00e0 un autre responsable du traitement sans que le responsable du traitement auquel les donn\u00e9es \u00e0 caract\u00e8re personnel ont \u00e9t\u00e9 communiqu\u00e9es y fasse obstacle, \u00e0 condition que<\/p>\n<ol class=\"datenschutz\">\n<li>le traitement est fond\u00e9 sur le consentement conform\u00e9ment \u00e0 l&rsquo;article 6 Art. 6 al. 1 lit. a du RGPD ou de l&rsquo;article 9, paragraphe 1, du RGPD. 2 lit. a du RGPD ou sur un contrat conform\u00e9ment \u00e0 l&rsquo;art. Art. 6 al. 1 lit. b du RGPD et<\/li>\n<li>le traitement est effectu\u00e9 \u00e0 l&rsquo;aide de proc\u00e9d\u00e9s automatis\u00e9s.<\/li>\n<\/ol>\n<p>Dans l&rsquo;exercice de ce droit, vous avez \u00e9galement le droit d&rsquo;obtenir que les donn\u00e9es \u00e0 caract\u00e8re personnel vous concernant soient transmises directement d&rsquo;un responsable \u00e0 un autre, lorsque cela est techniquement possible.<br \/>\nCela ne doit pas porter atteinte aux libert\u00e9s et aux droits d&rsquo;autres personnes. <\/p>\n<p>Le droit \u00e0 la portabilit\u00e9 des donn\u00e9es ne s&rsquo;applique pas au traitement des donn\u00e9es \u00e0 caract\u00e8re personnel n\u00e9cessaire \u00e0 l&rsquo;ex\u00e9cution d&rsquo;une mission d&rsquo;int\u00e9r\u00eat public ou relevant de l&rsquo;exercice de l&rsquo;autorit\u00e9 publique dont est investi le responsable du traitement.<\/p>\n<h4>7. droit d&rsquo;opposition<\/h4>\n<p>Vous avez le droit de vous opposer \u00e0 tout moment, pour des raisons tenant \u00e0 votre situation particuli\u00e8re, au traitement des donn\u00e9es \u00e0 caract\u00e8re personnel vous concernant, effectu\u00e9 sur la base de l&rsquo;article 6, paragraphe 1, de la directive 95\/46\/CE. 1 lit. Cela vaut \u00e9galement pour le profilage fond\u00e9 sur ces dispositions.<\/p>\n<p>Le responsable ne traite plus les donn\u00e9es \u00e0 caract\u00e8re personnel vous concernant, \u00e0 moins qu&rsquo;il ne puisse d\u00e9montrer qu&rsquo;il existe des motifs l\u00e9gitimes et imp\u00e9rieux pour le traitement qui pr\u00e9valent sur vos int\u00e9r\u00eats, droits et libert\u00e9s, ou que le traitement sert \u00e0 faire valoir, exercer ou d\u00e9fendre des droits en justice.<\/p>\n<p>Si les donn\u00e9es \u00e0 caract\u00e8re personnel vous concernant sont trait\u00e9es \u00e0 des fins de publicit\u00e9 directe, vous avez le droit de vous opposer \u00e0 tout moment au traitement des donn\u00e9es \u00e0 caract\u00e8re personnel vous concernant \u00e0 de telles fins de publicit\u00e9 ; cela s&rsquo;applique \u00e9galement au profilage dans la mesure o\u00f9 il est li\u00e9 \u00e0 une telle publicit\u00e9 directe.<\/p>\n<p>Si vous vous opposez au traitement \u00e0 des fins de publicit\u00e9 directe, les donn\u00e9es \u00e0 caract\u00e8re personnel vous concernant ne seront plus trait\u00e9es \u00e0 ces fins.<br \/>\nDans le cadre de l&rsquo;utilisation de services de la soci\u00e9t\u00e9 de l&rsquo;information, vous avez la possibilit\u00e9, nonobstant la directive 2002\/58\/CE, d&rsquo;exercer votre droit d&rsquo;opposition au moyen de proc\u00e9dures automatis\u00e9es utilisant des sp\u00e9cifications techniques.<\/p>\n<h4>8. droit de r\u00e9voquer la d\u00e9claration de consentement en mati\u00e8re de protection des donn\u00e9es<\/h4>\n<p>Vous avez le droit de r\u00e9voquer \u00e0 tout moment votre d\u00e9claration de consentement en mati\u00e8re de protection des donn\u00e9es. Le retrait du consentement n&rsquo;affecte pas la lic\u00e9it\u00e9 du traitement effectu\u00e9 sur la base du consentement jusqu&rsquo;au moment du retrait.<\/p>\n<h4>9. droit de r\u00e9voquer la d\u00e9claration de consentement en mati\u00e8re de protection des donn\u00e9es<\/h4>\n<p>Vous avez le droit de ne pas \u00eatre soumis \u00e0 une d\u00e9cision fond\u00e9e exclusivement sur un traitement automatis\u00e9, y compris le profilage, produisant des effets juridiques \u00e0 votre \u00e9gard ou vous affectant de mani\u00e8re significative de fa\u00e7on similaire. Cette disposition ne s&rsquo;applique pas si la d\u00e9cision<\/p>\n<ol class=\"datenschutz\">\n<li>est n\u00e9cessaire \u00e0 la conclusion ou \u00e0 l&rsquo;ex\u00e9cution d&rsquo;un contrat entre vous et le responsable du traitement,<\/li>\n<li>est autoris\u00e9e par la l\u00e9gislation de l&rsquo;Union ou des \u00c9tats membres \u00e0 laquelle le responsable est soumis et que cette l\u00e9gislation contient des mesures appropri\u00e9es pour la sauvegarde de vos droits et libert\u00e9s ainsi que de vos int\u00e9r\u00eats l\u00e9gitimes ; ou<\/li>\n<li>se fait avec votre consentement explicite<\/li>\n<\/ol>\n<p>Toutefois, ces d\u00e9cisions ne doivent pas \u00eatre fond\u00e9es sur des cat\u00e9gories particuli\u00e8res de donn\u00e9es \u00e0 caract\u00e8re personnel au sens de l&rsquo;article 9, paragraphe 1, de la directive. 1 du RGPD, \u00e0 moins que l&rsquo;article 9, paragraphe 1, du RGPD ne s&rsquo;applique. 2 lit. a ou g du RGPD s&rsquo;applique et que des mesures appropri\u00e9es ont \u00e9t\u00e9 prises pour prot\u00e9ger les droits et libert\u00e9s ainsi que vos int\u00e9r\u00eats l\u00e9gitimes.<\/p>\n<p>En ce qui concerne les cas vis\u00e9s aux points (1) et (3), le responsable prend des mesures appropri\u00e9es pour sauvegarder les droits et libert\u00e9s ainsi que vos int\u00e9r\u00eats l\u00e9gitimes, ce qui inclut au moins le droit d&rsquo;obtenir l&rsquo;intervention d&rsquo;une personne de la part du responsable, d&rsquo;exprimer son propre point de vue et de contester la d\u00e9cision.<\/p>\n<h4>10. droit de r\u00e9voquer la d\u00e9claration de consentement en mati\u00e8re de protection des donn\u00e9es<\/h4>\n<p>Sans pr\u00e9judice de tout autre recours administratif ou judiciaire, vous avez le droit d&rsquo;introduire une r\u00e9clamation aupr\u00e8s d&rsquo;une autorit\u00e9 de contr\u00f4le, en particulier dans l&rsquo;\u00c9tat membre de votre lieu de r\u00e9sidence, de votre lieu de travail ou du lieu de la violation pr\u00e9sum\u00e9e, si vous estimez que le traitement des donn\u00e9es \u00e0 caract\u00e8re personnel vous concernant enfreint le RGPD.<\/p>\n<p>L&rsquo;autorit\u00e9 de contr\u00f4le aupr\u00e8s de laquelle la r\u00e9clamation a \u00e9t\u00e9 introduite informe le plaignant de l&rsquo;\u00e9tat et de l&rsquo;issue de la r\u00e9clamation, y compris de la possibilit\u00e9 d&rsquo;un recours juridictionnel conform\u00e9ment \u00e0 l&rsquo;article 78 du RGPD.<\/p>\n<\/div>\n<\/div>\n<p style=\"text-align: center;\"><strong> <\/strong><\/p>\n[\/nectar_responsive_text][\/vc_column][\/vc_row]\n","protected":false},"excerpt":{"rendered":"<p>[vc_row type=\u00a0\u00bbin_container\u00a0\u00bb full_screen_row_position=\u00a0\u00bbmiddle\u00a0\u00bb column_margin=\u00a0\u00bbdefault\u00a0\u00bb column_direction=\u00a0\u00bbdefault\u00a0\u00bb column_direction_tablet=\u00a0\u00bbdefault\u00a0\u00bb column_direction_phone=\u00a0\u00bbdefault\u00a0\u00bb scene_position=\u00a0\u00bbcenter\u00a0\u00bb text_color=\u00a0\u00bbdark\u00a0\u00bb text_align=\u00a0\u00bbleft\u00a0\u00bb row_border_radius=\u00a0\u00bbnone\u00a0\u00bb row_border_radius_applies=\u00a0\u00bbbg\u00a0\u00bb overflow=\u00a0\u00bbvisible\u00a0\u00bb overlay_strength=\u00a0\u00bb0.3&Prime; gradient_direction=\u00a0\u00bbleft_to_right\u00a0\u00bb shape_divider_position=\u00a0\u00bbbottom\u00a0\u00bb bg_image_animation=\u00a0\u00bbnone\u00a0\u00bb][vc_column column_padding=\u00a0\u00bbno-extra-padding\u00a0\u00bb column_padding_tablet=\u00a0\u00bbinherit\u00a0\u00bb column_padding_phone=\u00a0\u00bbinherit\u00a0\u00bb column_padding_position=\u00a0\u00bball\u00a0\u00bb column_element_direction_desktop=\u00a0\u00bbdefault\u00a0\u00bb column_element_spacing=\u00a0\u00bbdefault\u00a0\u00bb desktop_text_alignment=\u00a0\u00bbdefault\u00a0\u00bb tablet_text_alignment=\u00a0\u00bbdefault\u00a0\u00bb phone_text_alignment=\u00a0\u00bbdefault\u00a0\u00bb background_color_opacity=\u00a0\u00bb1&Prime; background_hover_color_opacity=\u00a0\u00bb1&Prime; column_backdrop_filter=\u00a0\u00bbnone\u00a0\u00bb column_shadow=\u00a0\u00bbnone\u00a0\u00bb&#8230;<\/p>\n","protected":false},"author":2,"featured_media":0,"parent":0,"menu_order":0,"comment_status":"closed","ping_status":"closed","template":"","meta":{"om_disable_all_campaigns":false,"_monsterinsights_skip_tracking":false,"_monsterinsights_sitenote_active":false,"_monsterinsights_sitenote_note":"","_monsterinsights_sitenote_category":0,"_uf_show_specific_survey":0,"_uf_disable_surveys":false},"aioseo_notices":[],"_links":{"self":[{"href":"https:\/\/apa.de\/fr\/wp-json\/wp\/v2\/pages\/5089"}],"collection":[{"href":"https:\/\/apa.de\/fr\/wp-json\/wp\/v2\/pages"}],"about":[{"href":"https:\/\/apa.de\/fr\/wp-json\/wp\/v2\/types\/page"}],"author":[{"embeddable":true,"href":"https:\/\/apa.de\/fr\/wp-json\/wp\/v2\/users\/2"}],"replies":[{"embeddable":true,"href":"https:\/\/apa.de\/fr\/wp-json\/wp\/v2\/comments?post=5089"}],"version-history":[{"count":0,"href":"https:\/\/apa.de\/fr\/wp-json\/wp\/v2\/pages\/5089\/revisions"}],"wp:attachment":[{"href":"https:\/\/apa.de\/fr\/wp-json\/wp\/v2\/media?parent=5089"}],"curies":[{"name":"wp","href":"https:\/\/api.w.org\/{rel}","templated":true}]}}